{"id":83,"date":"2024-11-24T21:08:28","date_gmt":"2024-11-24T20:08:28","guid":{"rendered":"https:\/\/new.cantorama.ch\/?page_id=83"},"modified":"2025-02-03T15:47:19","modified_gmt":"2025-02-03T14:47:19","slug":"cantorama","status":"publish","type":"page","link":"https:\/\/www.cantorama.ch\/fr\/le-cantorama\/le-cantorama\/","title":{"rendered":"Le Cantorama"},"content":{"rendered":"\r\n<h1 class=\"wp-block-heading has-text-align-center\">Le Cantorama &#8211; L&rsquo;Ancienne \u00c9glise de Jaun<\/h1>\r\n\r\n\r\n\r\n<div class=\"wp-block-columns is-layout-flex wp-container-core-columns-is-layout-28f84493 wp-block-columns-is-layout-flex\">\r\n<div class=\"wp-block-column is-layout-flow wp-block-column-is-layout-flow\">\r\n<p>L\u2019ancienne \u00e9glise de Bellegarde (Cantorama), situ\u00e9e \u00e0 proximit\u00e9 de la cascade, est aujourd\u2019hui un lieu de rencontres pour les chanteurs et les instrumentistes, amateurs ou professionnels. C\u2019est une salle de concerts attrayante pour la musique classique, religieuse ou profane, mais le jazz, le folklore et la musique populaire trouvent r\u00e9guli\u00e8rement leur place dans les programmes pr\u00e9sent\u00e9s. Lors du concert d\u2019ouverture en 1992, le Cantorama de Bellegarde \u00e9tait La Maison du chant fribourgeois ; depuis, il a \u00e9volu\u00e9 en ouvrant ses portes \u00e0 d\u2019autres musiciens et en d\u00e9passant les fronti\u00e8res r\u00e9gionales.<\/p>\r\n\r\n\r\n\r\n<p>Le n\u00e9ologisme Cantorama \u00e9voque \u00e0 la fois l\u2019ou\u00efe (canto) et la vue (rama). Gr\u00e2ce \u00e0 l\u2019acoustique excellente et aux dimensions id\u00e9ales du lieu, le contact avec les artistes est saisissant. L\u2019effet des sons dans cette magnifique construction religieuse transforme chaque concert en un succ\u00e8s assur\u00e9.<\/p>\r\n<\/div>\r\n\r\n\r\n\r\n<div class=\"wp-block-column is-layout-flow wp-block-column-is-layout-flow\">\r\n<figure class=\"wp-block-image size-full\"><a href=\"https:\/\/www.cantorama.ch\/wp-content\/uploads\/2024\/11\/cantorama-02.jpg\" target=\"_blank\" rel=\"noreferrer noopener\"><img loading=\"lazy\" decoding=\"async\" width=\"1920\" height=\"1200\" class=\"wp-image-85\" src=\"https:\/\/www.cantorama.ch\/wp-content\/uploads\/2024\/11\/cantorama-02.jpg\" alt=\"\" srcset=\"https:\/\/www.cantorama.ch\/wp-content\/uploads\/2024\/11\/cantorama-02.jpg 1920w, https:\/\/www.cantorama.ch\/wp-content\/uploads\/2024\/11\/cantorama-02-900x563.jpg 900w, https:\/\/www.cantorama.ch\/wp-content\/uploads\/2024\/11\/cantorama-02-768x480.jpg 768w, https:\/\/www.cantorama.ch\/wp-content\/uploads\/2024\/11\/cantorama-02-1536x960.jpg 1536w\" sizes=\"auto, (max-width: 1920px) 100vw, 1920px\" \/><\/a><\/figure>\r\n<\/div>\r\n<\/div>\r\n\r\n\r\n\r\n<div class=\"wp-block-columns is-layout-flex wp-container-core-columns-is-layout-28f84493 wp-block-columns-is-layout-flex\">\r\n<div class=\"wp-block-column is-layout-flow wp-block-column-is-layout-flow\">\r\n<figure class=\"wp-block-image size-full\"><a href=\"https:\/\/www.cantorama.ch\/wp-content\/uploads\/2024\/12\/Fresken-2.jpg\" target=\"_blank\" rel=\"noreferrer noopener\"><img loading=\"lazy\" decoding=\"async\" width=\"1024\" height=\"768\" class=\"wp-image-226\" src=\"https:\/\/www.cantorama.ch\/wp-content\/uploads\/2024\/12\/Fresken-2.jpg\" alt=\"\" srcset=\"https:\/\/www.cantorama.ch\/wp-content\/uploads\/2024\/12\/Fresken-2.jpg 1024w, https:\/\/www.cantorama.ch\/wp-content\/uploads\/2024\/12\/Fresken-2-900x675.jpg 900w, https:\/\/www.cantorama.ch\/wp-content\/uploads\/2024\/12\/Fresken-2-768x576.jpg 768w\" sizes=\"auto, (max-width: 1024px) 100vw, 1024px\" \/><\/a><\/figure>\r\n<\/div>\r\n\r\n\r\n\r\n<div class=\"wp-block-column is-layout-flow wp-block-column-is-layout-flow\">\r\n<p>L\u2019int\u00e9rieur de l\u2019ancienne \u00e9glise avec, au plafond, les peintures baroques de Gottfried Locher, avec les peintures du moyen \u00e2ge dans le ch\u0153ur et avec les ouvertures lumineuses, a trouv\u00e9 son \u00e9quilibre, en 2011, avec la remarquable reconstruction de l\u2019orgue historique de 1786.<\/p>\r\n\r\n\r\n\r\n<p>Gottfried Locher (1735 &#8211; 1795) &#8211; Das Abendmahl<\/p>\r\n<\/div>\r\n<\/div>\r\n\r\n\r\n\r\n<h2 class=\"wp-block-heading has-text-align-center\">De la Maison du Chant Fribourgeois au Cantorama<\/h2>\r\n\r\n\r\n\r\n<div class=\"wp-block-columns is-layout-flex wp-container-core-columns-is-layout-28f84493 wp-block-columns-is-layout-flex\">\r\n<div class=\"wp-block-column is-layout-flow wp-block-column-is-layout-flow\" style=\"flex-basis: 33.33%;\">\r\n<figure class=\"wp-block-image size-full\"><a href=\"https:\/\/www.cantorama.ch\/wp-content\/uploads\/2024\/12\/cantorama_innen.jpg\" target=\"_blank\" rel=\"noreferrer noopener\"><img loading=\"lazy\" decoding=\"async\" width=\"1280\" height=\"960\" class=\"wp-image-512\" src=\"https:\/\/www.cantorama.ch\/wp-content\/uploads\/2024\/12\/cantorama_innen.jpg\" alt=\"\" srcset=\"https:\/\/www.cantorama.ch\/wp-content\/uploads\/2024\/12\/cantorama_innen.jpg 1280w, https:\/\/www.cantorama.ch\/wp-content\/uploads\/2024\/12\/cantorama_innen-900x675.jpg 900w, https:\/\/www.cantorama.ch\/wp-content\/uploads\/2024\/12\/cantorama_innen-768x576.jpg 768w\" sizes=\"auto, (max-width: 1280px) 100vw, 1280px\" \/><\/a><\/figure>\r\n<\/div>\r\n\r\n\r\n\r\n<div class=\"wp-block-column is-layout-flow wp-block-column-is-layout-flow\" style=\"flex-basis: 66.66%;\">\r\n<p>L\u2019ancienne \u00e9glise de Bellegarde, apr\u00e8s sa restauration en 1992, a eu une double fonction sous le nom CANTORAMA. Le b\u00e2timent a servi d&rsquo;une part de mus\u00e9e pour la musique fribourgeoise (manuscrits, instruments anciens, partitions, illustrations de lieder, portraits de musiciens). D&rsquo;autre part, le lieu, autrefois sacr\u00e9, devint un endroit id\u00e9al pour des repr\u00e9sentations musicales et pour des concerts. Avec le temps, l&rsquo;aspect \u00ab mus\u00e9e \u00bb a perdu de son importance. Conform\u00e9ment aux statuts de la Fondation r\u00e9vis\u00e9s en 2013, le CANTORAMA, en tant que Maison du chant fribourgeois, est devenu un lieu de rencontres et d\u2019\u00e9changes pour les ch\u0153urs, pour les musiciens, un lieu dans lequel sont organis\u00e9s r\u00e9guli\u00e8rement des concerts. Aujourd\u2019hui, le CANTORAMA, comme salle de concert, est tr\u00e8s demand\u00e9. Les ch\u0153urs, les musiciens amateurs ou professionnels appr\u00e9cient, en plus de l\u2019acoustique remarquable, l\u2019harmonie qui r\u00e8gne entre les trois parties de l\u2019\u00e9glise avec sa nef lumineuse, le ch\u0153ur sur\u00e9lev\u00e9 de trois marches et une niche particuli\u00e8re sous la tour. Depuis la reconstruction de l\u2019orgue historique en 2011, des possibilit\u00e9s suppl\u00e9mentaires d&rsquo;organisation des concerts sont possibles.<br \/>Le Cantorama, en tant que lieu sacr\u00e9 historique, reste accessible au public en dehors concerts. Dans une vid\u00e9o, les grands moments de l&rsquo;histoire du chant choral fribourgeois et de la musique populaire sont pr\u00e9sent\u00e9s aux visiteurs. Le Cantorama est membre de l\u2019AMS (Association des Mus\u00e9es Suisses).<\/p>\r\n<\/div>\r\n<\/div>\r\n\r\n\r\n\r\n<div class=\"wp-block-columns is-layout-flex wp-container-core-columns-is-layout-28f84493 wp-block-columns-is-layout-flex\">\r\n<div class=\"wp-block-column is-layout-flow wp-block-column-is-layout-flow\">\r\n<figure class=\"wp-block-image size-full\"><a href=\"https:\/\/www.cantorama.ch\/wp-content\/uploads\/2024\/12\/Fresken-4.jpg\" target=\"_blank\" rel=\"noreferrer noopener\"><img loading=\"lazy\" decoding=\"async\" width=\"1024\" height=\"768\" class=\"wp-image-227\" src=\"https:\/\/www.cantorama.ch\/wp-content\/uploads\/2024\/12\/Fresken-4.jpg\" alt=\"\" srcset=\"https:\/\/www.cantorama.ch\/wp-content\/uploads\/2024\/12\/Fresken-4.jpg 1024w, https:\/\/www.cantorama.ch\/wp-content\/uploads\/2024\/12\/Fresken-4-900x675.jpg 900w, https:\/\/www.cantorama.ch\/wp-content\/uploads\/2024\/12\/Fresken-4-768x576.jpg 768w\" sizes=\"auto, (max-width: 1024px) 100vw, 1024px\" \/><\/a><\/figure>\r\n\r\n\r\n\r\n<p>Gottfried Locher &#8211; Die Engel<\/p>\r\n<\/div>\r\n\r\n\r\n\r\n<div class=\"wp-block-column is-layout-flow wp-block-column-is-layout-flow\">\r\n<figure class=\"wp-block-image size-full\"><a href=\"https:\/\/www.cantorama.ch\/wp-content\/uploads\/2024\/12\/Fresken-3.jpg\" target=\"_blank\" rel=\"noreferrer noopener\"><img loading=\"lazy\" decoding=\"async\" width=\"1024\" height=\"768\" class=\"wp-image-228\" src=\"https:\/\/www.cantorama.ch\/wp-content\/uploads\/2024\/12\/Fresken-3.jpg\" alt=\"\" srcset=\"https:\/\/www.cantorama.ch\/wp-content\/uploads\/2024\/12\/Fresken-3.jpg 1024w, https:\/\/www.cantorama.ch\/wp-content\/uploads\/2024\/12\/Fresken-3-900x675.jpg 900w, https:\/\/www.cantorama.ch\/wp-content\/uploads\/2024\/12\/Fresken-3-768x576.jpg 768w\" sizes=\"auto, (max-width: 1024px) 100vw, 1024px\" \/><\/a><\/figure>\r\n\r\n\r\n\r\n<p>Gottfried Locher &#8211; Verk\u00fcndigung Mariaes<\/p>\r\n\r\n\r\n\r\n<p class=\"has-text-align-right\">Gottfried Locher &gt;<br \/>Die klugen und die t\u00f6rrichten Jungfrauen. &gt;<\/p>\r\n<\/div>\r\n\r\n\r\n\r\n<div class=\"wp-block-column is-layout-flow wp-block-column-is-layout-flow\">\r\n<figure class=\"wp-block-image size-full\"><a href=\"https:\/\/www.cantorama.ch\/wp-content\/uploads\/2024\/12\/Fresken-5.jpg\" target=\"_blank\" rel=\"noreferrer noopener\"><img loading=\"lazy\" decoding=\"async\" width=\"768\" height=\"1024\" class=\"wp-image-229\" src=\"https:\/\/www.cantorama.ch\/wp-content\/uploads\/2024\/12\/Fresken-5.jpg\" alt=\"\" srcset=\"https:\/\/www.cantorama.ch\/wp-content\/uploads\/2024\/12\/Fresken-5.jpg 768w, https:\/\/www.cantorama.ch\/wp-content\/uploads\/2024\/12\/Fresken-5-675x900.jpg 675w\" sizes=\"auto, (max-width: 768px) 100vw, 768px\" \/><\/a><\/figure>\r\n<\/div>\r\n<\/div>\r\n\r\n\r\n\r\n<h2 class=\"wp-block-heading has-text-align-center\">Infrastructure \u00e0 disposition<\/h2>\r\n\r\n\r\n\r\n<div class=\"wp-block-columns is-layout-flex wp-container-core-columns-is-layout-28f84493 wp-block-columns-is-layout-flex\">\r\n<div class=\"wp-block-column is-layout-flow wp-block-column-is-layout-flow\" style=\"flex-basis: 66.66%;\">\r\n<ul class=\"wp-block-list\">\r\n<li>Orgue historique de 1786, restaur\u00e9 en 2011<\/li>\r\n\r\n\r\n\r\n<li>Piano de concert Yamaha<\/li>\r\n\r\n\r\n\r\n<li>Un microphone mobile et deux haut-parleurs fixes<\/li>\r\n\r\n\r\n\r\n<li>Salle de mise en voix, vestiaire et WC \u00e0 l&rsquo;Ancienne Cure, proche du Cantorama<\/li>\r\n\r\n\r\n\r\n<li>Estrade mobile \u00e0 trois \u00e9l\u00e9ments<\/li>\r\n<\/ul>\r\n<\/div>\r\n\r\n\r\n\r\n<div class=\"wp-block-column is-layout-flow wp-block-column-is-layout-flow\" style=\"flex-basis: 33.33%;\">\r\n<figure class=\"wp-block-image size-full\"><a href=\"https:\/\/www.cantorama.ch\/wp-content\/uploads\/2024\/12\/banquettes-montees.png\" target=\"_blank\" rel=\"noreferrer noopener\"><img loading=\"lazy\" decoding=\"async\" width=\"1105\" height=\"446\" class=\"wp-image-513\" src=\"https:\/\/www.cantorama.ch\/wp-content\/uploads\/2024\/12\/banquettes-montees.png\" alt=\"\" srcset=\"https:\/\/www.cantorama.ch\/wp-content\/uploads\/2024\/12\/banquettes-montees.png 1105w, https:\/\/www.cantorama.ch\/wp-content\/uploads\/2024\/12\/banquettes-montees-900x363.png 900w, https:\/\/www.cantorama.ch\/wp-content\/uploads\/2024\/12\/banquettes-montees-768x310.png 768w\" sizes=\"auto, (max-width: 1105px) 100vw, 1105px\" \/><\/a><\/figure>\r\n\r\n\r\n\r\n<figure class=\"wp-block-image size-full\"><a href=\"https:\/\/www.cantorama.ch\/wp-content\/uploads\/2024\/12\/banquettes-mesures.png\" target=\"_blank\" rel=\"noreferrer noopener\"><img loading=\"lazy\" decoding=\"async\" width=\"651\" height=\"277\" class=\"wp-image-514\" src=\"https:\/\/www.cantorama.ch\/wp-content\/uploads\/2024\/12\/banquettes-mesures.png\" alt=\"\" \/><\/a><\/figure>\r\n<\/div>\r\n<\/div>\r\n\r\n\r\n\r\n<h2 class=\"wp-block-heading has-text-align-center\">Dimensions<\/h2>\r\n\r\n\r\n\r\n<div class=\"wp-block-columns is-layout-flex wp-container-core-columns-is-layout-28f84493 wp-block-columns-is-layout-flex\">\r\n<div class=\"wp-block-column is-layout-flow wp-block-column-is-layout-flow\">\r\n<figure class=\"wp-block-image size-large\"><a href=\"https:\/\/www.cantorama.ch\/wp-content\/uploads\/2024\/12\/plan-avec-dimensions-scaled.jpg\" target=\"_blank\" rel=\"noreferrer noopener\"><img loading=\"lazy\" decoding=\"async\" width=\"1920\" height=\"1440\" class=\"wp-image-515\" src=\"https:\/\/www.cantorama.ch\/wp-content\/uploads\/2024\/12\/plan-avec-dimensions-1920x1440.jpg\" alt=\"\" srcset=\"https:\/\/www.cantorama.ch\/wp-content\/uploads\/2024\/12\/plan-avec-dimensions-1920x1440.jpg 1920w, https:\/\/www.cantorama.ch\/wp-content\/uploads\/2024\/12\/plan-avec-dimensions-900x675.jpg 900w, https:\/\/www.cantorama.ch\/wp-content\/uploads\/2024\/12\/plan-avec-dimensions-768x576.jpg 768w, https:\/\/www.cantorama.ch\/wp-content\/uploads\/2024\/12\/plan-avec-dimensions-1536x1152.jpg 1536w, https:\/\/www.cantorama.ch\/wp-content\/uploads\/2024\/12\/plan-avec-dimensions-2048x1536.jpg 2048w\" sizes=\"auto, (max-width: 1920px) 100vw, 1920px\" \/><\/a><\/figure>\r\n<\/div>\r\n\r\n\r\n\r\n<div class=\"wp-block-column is-layout-flow wp-block-column-is-layout-flow\">\r\n<figure class=\"wp-block-image size-large\"><a href=\"https:\/\/www.cantorama.ch\/wp-content\/uploads\/2024\/12\/plan_cantorama-scaled.jpg\" target=\"_blank\" rel=\"noreferrer noopener\"><img loading=\"lazy\" decoding=\"async\" width=\"1357\" height=\"1920\" class=\"wp-image-516\" src=\"https:\/\/www.cantorama.ch\/wp-content\/uploads\/2024\/12\/plan_cantorama-1357x1920.jpg\" alt=\"\" srcset=\"https:\/\/www.cantorama.ch\/wp-content\/uploads\/2024\/12\/plan_cantorama-1357x1920.jpg 1357w, https:\/\/www.cantorama.ch\/wp-content\/uploads\/2024\/12\/plan_cantorama-636x900.jpg 636w, https:\/\/www.cantorama.ch\/wp-content\/uploads\/2024\/12\/plan_cantorama-768x1087.jpg 768w, https:\/\/www.cantorama.ch\/wp-content\/uploads\/2024\/12\/plan_cantorama-1086x1536.jpg 1086w, https:\/\/www.cantorama.ch\/wp-content\/uploads\/2024\/12\/plan_cantorama-1447x2048.jpg 1447w, https:\/\/www.cantorama.ch\/wp-content\/uploads\/2024\/12\/plan_cantorama-scaled.jpg 1809w\" sizes=\"auto, (max-width: 1357px) 100vw, 1357px\" \/><\/a><\/figure>\r\n<\/div>\r\n<\/div>\r\n","protected":false},"excerpt":{"rendered":"<p>Le Cantorama &#8211; L&rsquo;Ancienne \u00c9glise de Jaun L\u2019ancienne \u00e9glise de Bellegarde (Cantorama), situ\u00e9e \u00e0 proximit\u00e9 de la cascade, est aujourd\u2019hui [&hellip;]<\/p>\n","protected":false},"author":3,"featured_media":0,"parent":273,"menu_order":3002,"comment_status":"closed","ping_status":"closed","template":"","meta":{"site-sidebar-layout":"default","site-content-layout":"","ast-site-content-layout":"","site-content-style":"default","site-sidebar-style":"default","ast-global-header-display":"","ast-banner-title-visibility":"","ast-main-header-display":"","ast-hfb-above-header-display":"","ast-hfb-below-header-display":"","ast-hfb-mobile-header-display":"","site-post-title":"disabled","ast-breadcrumbs-content":"","ast-featured-img":"","footer-sml-layout":"","theme-transparent-header-meta":"","adv-header-id-meta":"","stick-header-meta":"","header-above-stick-meta":"","header-main-stick-meta":"","header-below-stick-meta":"","astra-migrate-meta-layouts":"default","ast-page-background-enabled":"default","ast-page-background-meta":{"desktop":{"background-color":"var(--ast-global-color-4)","background-image":"","background-repeat":"repeat","background-position":"center center","background-size":"auto","background-attachment":"scroll","background-type":"","background-media":"","overlay-type":"","overlay-color":"","overlay-opacity":"","overlay-gradient":""},"tablet":{"background-color":"","background-image":"","background-repeat":"repeat","background-position":"center center","background-size":"auto","background-attachment":"scroll","background-type":"","background-media":"","overlay-type":"","overlay-color":"","overlay-opacity":"","overlay-gradient":""},"mobile":{"background-color":"","background-image":"","background-repeat":"repeat","background-position":"center center","background-size":"auto","background-attachment":"scroll","background-type":"","background-media":"","overlay-type":"","overlay-color":"","overlay-opacity":"","overlay-gradient":""}},"ast-content-background-meta":{"desktop":{"background-color":"var(--ast-global-color-5)","background-image":"","background-repeat":"repeat","background-position":"center center","background-size":"auto","background-attachment":"scroll","background-type":"","background-media":"","overlay-type":"","overlay-color":"","overlay-opacity":"","overlay-gradient":""},"tablet":{"background-color":"var(--ast-global-color-5)","background-image":"","background-repeat":"repeat","background-position":"center center","background-size":"auto","background-attachment":"scroll","background-type":"","background-media":"","overlay-type":"","overlay-color":"","overlay-opacity":"","overlay-gradient":""},"mobile":{"background-color":"var(--ast-global-color-5)","background-image":"","background-repeat":"repeat","background-position":"center center","background-size":"auto","background-attachment":"scroll","background-type":"","background-media":"","overlay-type":"","overlay-color":"","overlay-opacity":"","overlay-gradient":""}},"ngg_post_thumbnail":0,"footnotes":""},"class_list":["post-83","page","type-page","status-publish","hentry"],"featured_image_src":null,"publishpress_future_action":{"enabled":false,"date":"2026-05-03 03:30:43","action":"change-status","newStatus":"draft","terms":[],"taxonomy":"language","extraData":[]},"publishpress_future_workflow_manual_trigger":{"enabledWorkflows":[]},"_links":{"self":[{"href":"https:\/\/www.cantorama.ch\/fr\/wp-json\/wp\/v2\/pages\/83","targetHints":{"allow":["GET"]}}],"collection":[{"href":"https:\/\/www.cantorama.ch\/fr\/wp-json\/wp\/v2\/pages"}],"about":[{"href":"https:\/\/www.cantorama.ch\/fr\/wp-json\/wp\/v2\/types\/page"}],"author":[{"embeddable":true,"href":"https:\/\/www.cantorama.ch\/fr\/wp-json\/wp\/v2\/users\/3"}],"replies":[{"embeddable":true,"href":"https:\/\/www.cantorama.ch\/fr\/wp-json\/wp\/v2\/comments?post=83"}],"version-history":[{"count":0,"href":"https:\/\/www.cantorama.ch\/fr\/wp-json\/wp\/v2\/pages\/83\/revisions"}],"up":[{"embeddable":true,"href":"https:\/\/www.cantorama.ch\/fr\/wp-json\/wp\/v2\/pages\/273"}],"wp:attachment":[{"href":"https:\/\/www.cantorama.ch\/fr\/wp-json\/wp\/v2\/media?parent=83"}],"curies":[{"name":"wp","href":"https:\/\/api.w.org\/{rel}","templated":true}]}}