{"id":600,"date":"2024-12-15T10:20:41","date_gmt":"2024-12-15T09:20:41","guid":{"rendered":"https:\/\/new.cantorama.ch\/?page_id=600"},"modified":"2025-02-03T15:54:49","modified_gmt":"2025-02-03T14:54:49","slug":"geschichte","status":"publish","type":"page","link":"https:\/\/www.cantorama.ch\/fr\/le-cantorama\/histoire\/","title":{"rendered":"Histoire"},"content":{"rendered":"\r\n<h1 class=\"wp-block-heading has-text-align-center\">L&rsquo;histoire du Cantorama<\/h1>\r\n\r\n\r\n\r\n<div class=\"wp-block-columns is-layout-flex wp-container-core-columns-is-layout-28f84493 wp-block-columns-is-layout-flex\">\r\n<div class=\"wp-block-column is-layout-flow wp-block-column-is-layout-flow\" style=\"flex-basis: 66.66%;\">\r\n<p><strong>1228<\/strong><br \/>Erste urkundliche Erw\u00e4hnung der romanischen Kirche<\/p>\r\n\r\n\r\n\r\n<p><strong>13.\/14. Jahrhundert<\/strong><br \/>Erweiterung der Kirche.<\/p>\r\n\r\n\r\n\r\n<p><strong>16, Jahrhundert<\/strong><br \/>Vermutlicher Bau des Turms auf der Ostseite, Erweiterung der Kirche, Entstehung der Malereien im Chorbogen<\/p>\r\n\r\n\r\n\r\n<p><strong>1786<\/strong><br \/>Bau der Kirchenorgel (Johann Dreher, von Freiburg, nach Jaun transportiert durch Joseph Schuwey)<\/p>\r\n\r\n\r\n\r\n<p><strong>1808 \u2013 1811<\/strong><br \/>Letzte grosse Erweiterung der Kirche, Schaffung der Deckenmalereien durch Emmanuel Sutter<\/p>\r\n\r\n\r\n\r\n<p><strong>1910<\/strong><br \/>Umzug in die neue Kirche .<\/p>\r\n\r\n\r\n\r\n<p><strong>1930<\/strong><br \/>Entdeckung der mittelalterlichen Wandmalereien im Chor<\/p>\r\n\r\n\r\n\r\n<p><strong>1933<\/strong><br \/>Entfernung des Hauptaltars, \u00d6ffnung des kleinen Chorbogens zum Turmerdgeschoss, Errichtung einer Holzdecke im Turmerdgeschoss. Diese war 1520 f\u00fcr die Kapelle von St. Wolfgang angefertigt worden.<\/p>\r\n\r\n\r\n\r\n<p><strong>1953<\/strong><br \/>Der Freiburger Staatsrat stellt die alte Kirche unter Denkmalschutz.<\/p>\r\n\r\n\r\n\r\n<p><strong>1971<\/strong><br \/>Beschluss der Gemeindeversammlung zur Restaurierung der Kirche<\/p>\r\n\r\n\r\n\r\n<p><strong>1975<\/strong><br \/>Abschluss der Aussenarbeiten (Dach, Mauerwerk)<\/p>\r\n\r\n\r\n\r\n<p><strong>1977\/1978<\/strong><br \/>Ausgrabungen durch den arch\u00e4ologischen Dienst, anschliessend Beginn mit der Innenrenovation u.a. Entfernung der Decke<\/p>\r\n\r\n\r\n\r\n<p><strong>1988<\/strong><br \/>Erstellung des Deckengew\u00f6lbes mit den Fresken von Gottfried Locher aus der abgebrochenen Kirche von Villarepos<\/p>\r\n\r\n\r\n\r\n<p><strong>1990<\/strong><br \/>Abschluss der Renovationsarbeiten<\/p>\r\n\r\n\r\n\r\n<p><strong>1991<\/strong><br \/>Gr\u00fcndung der Stiftung Alte Kirche Jaun (Pfarrei und Gemeinde Jaun, Heimatschutz und Verkehrsverein Jaun-Im Fang, Heimatkundeverein Deutschfreiburg, S\u00e4ngerverband des Kantons Freiburg sowie diverse Privatpersonen)<\/p>\r\n\r\n\r\n\r\n<p><strong>1992<\/strong><br \/>Er\u00f6ffnung des Cantorama mit erstem Konzert, Gr\u00fcndung des Vereins Freunde Cantorama Jaun. Das Cantorama wird nicht nur zur Begegnungsst\u00e4tte f\u00fcr den freiburgischen Chorgesang und die Volksmusik, sondern auch zu einem begehrten Forum f\u00fcr klassische Vokal- und Instrumentalmusik.<\/p>\r\n\r\n\r\n\r\n<p><strong>2009<\/strong><br \/>Auftrag an die Firma Goll AG, Luzern, zur Restaurierung &#8211; Rekonstruktion der 1786 erbauten Orgel<\/p>\r\n<\/div>\r\n\r\n\r\n\r\n<div class=\"wp-block-column is-layout-flow wp-block-column-is-layout-flow\" style=\"flex-basis: 33.33%;\">\r\n<figure class=\"wp-block-image aligncenter size-full is-resized\"><img loading=\"lazy\" decoding=\"async\" width=\"1024\" height=\"1783\" class=\"wp-image-439\" style=\"width: 395px; height: auto;\" src=\"https:\/\/www.cantorama.ch\/wp-content\/uploads\/2024\/12\/cantorama_view.jpg\" alt=\"\" srcset=\"https:\/\/www.cantorama.ch\/wp-content\/uploads\/2024\/12\/cantorama_view.jpg 1024w, https:\/\/www.cantorama.ch\/wp-content\/uploads\/2024\/12\/cantorama_view-517x900.jpg 517w, https:\/\/www.cantorama.ch\/wp-content\/uploads\/2024\/12\/cantorama_view-768x1337.jpg 768w, https:\/\/www.cantorama.ch\/wp-content\/uploads\/2024\/12\/cantorama_view-882x1536.jpg 882w\" sizes=\"auto, (max-width: 1024px) 100vw, 1024px\" \/><\/figure>\r\n\r\n\r\n\r\n<figure class=\"wp-block-image aligncenter size-full is-resized\"><img loading=\"lazy\" decoding=\"async\" width=\"1320\" height=\"1295\" class=\"wp-image-458\" style=\"width: 389px; height: auto;\" src=\"https:\/\/www.cantorama.ch\/wp-content\/uploads\/2024\/12\/Turmerdgeschoss.jpg\" alt=\"\" srcset=\"https:\/\/www.cantorama.ch\/wp-content\/uploads\/2024\/12\/Turmerdgeschoss.jpg 1320w, https:\/\/www.cantorama.ch\/wp-content\/uploads\/2024\/12\/Turmerdgeschoss-900x883.jpg 900w, https:\/\/www.cantorama.ch\/wp-content\/uploads\/2024\/12\/Turmerdgeschoss-768x753.jpg 768w\" sizes=\"auto, (max-width: 1320px) 100vw, 1320px\" \/><\/figure>\r\n\r\n\r\n\r\n<figure class=\"wp-block-image aligncenter size-full is-resized\"><img loading=\"lazy\" decoding=\"async\" width=\"1024\" height=\"768\" class=\"wp-image-227\" style=\"width: 387px; height: auto;\" src=\"https:\/\/www.cantorama.ch\/wp-content\/uploads\/2024\/12\/Fresken-4.jpg\" alt=\"\" srcset=\"https:\/\/www.cantorama.ch\/wp-content\/uploads\/2024\/12\/Fresken-4.jpg 1024w, https:\/\/www.cantorama.ch\/wp-content\/uploads\/2024\/12\/Fresken-4-900x675.jpg 900w, https:\/\/www.cantorama.ch\/wp-content\/uploads\/2024\/12\/Fresken-4-768x576.jpg 768w\" sizes=\"auto, (max-width: 1024px) 100vw, 1024px\" \/><\/figure>\r\n<\/div>\r\n<\/div>\r\n\r\n\r\n\r\n<div class=\"wp-block-columns is-layout-flex wp-container-core-columns-is-layout-28f84493 wp-block-columns-is-layout-flex\">\r\n<div class=\"wp-block-column is-layout-flow wp-block-column-is-layout-flow\">\r\n<figure class=\"wp-block-image size-large\"><img loading=\"lazy\" decoding=\"async\" width=\"1920\" height=\"1449\" class=\"wp-image-465\" src=\"https:\/\/www.cantorama.ch\/wp-content\/uploads\/2024\/12\/konzert-mit-chor-1920x1449.jpg\" alt=\"\" srcset=\"https:\/\/www.cantorama.ch\/wp-content\/uploads\/2024\/12\/konzert-mit-chor-1920x1449.jpg 1920w, https:\/\/www.cantorama.ch\/wp-content\/uploads\/2024\/12\/konzert-mit-chor-900x679.jpg 900w, https:\/\/www.cantorama.ch\/wp-content\/uploads\/2024\/12\/konzert-mit-chor-768x580.jpg 768w, https:\/\/www.cantorama.ch\/wp-content\/uploads\/2024\/12\/konzert-mit-chor-1536x1160.jpg 1536w, https:\/\/www.cantorama.ch\/wp-content\/uploads\/2024\/12\/konzert-mit-chor-2048x1546.jpg 2048w\" sizes=\"auto, (max-width: 1920px) 100vw, 1920px\" \/><\/figure>\r\n<\/div>\r\n<\/div>\r\n\r\n\r\n\r\n<div class=\"wp-block-columns is-layout-flex wp-container-core-columns-is-layout-28f84493 wp-block-columns-is-layout-flex\">\r\n<div class=\"wp-block-column is-layout-flow wp-block-column-is-layout-flow\" style=\"flex-basis: 66.66%;\">\r\n<p><strong>9. Oktober 2011<\/strong><br \/>Orgelweihe. Mit der Errichtung der aus sieben Registern bestehenden, einzigartigen Orgel \u00f6ffnen sich dem Cantorama zus\u00e4tzliche Perspektiven f\u00fcr die Gestaltung von Konzerten.<\/p>\r\n\r\n\r\n\r\n<p><strong>13. Mai 2012<\/strong><br \/>Jubil\u00e4umskonzert zum 20-j\u00e4hrigen Bestehen des Cantorama mit dem Berner Konzertorchester<\/p>\r\n\r\n\r\n\r\n<p><strong>4. Oktober 2015<\/strong><br \/>Tag der offenen T\u00fcr in der Alten Kur zum Abschluss der Renovationsarbeiten. Seither stehen dem Cantorama ein Probelokal, bzw. Aufenthalts- und Umkleideraum zur Verf\u00fcgung.<\/p>\r\n\r\n\r\n<\/div>\r\n\r\n\r\n\r\n<div class=\"wp-block-column is-layout-flow wp-block-column-is-layout-flow\" style=\"flex-basis: 33.33%;\">\r\n<figure class=\"wp-block-image aligncenter size-full is-resized\"><a href=\"https:\/\/www.cantorama.ch\/wp-content\/uploads\/2024\/12\/orgel14.jpg\" target=\"_blank\" rel=\"noreferrer noopener\"><img loading=\"lazy\" decoding=\"async\" width=\"1024\" height=\"768\" class=\"wp-image-542\" style=\"width: 421px; height: auto;\" src=\"https:\/\/www.cantorama.ch\/wp-content\/uploads\/2024\/12\/orgel14.jpg\" alt=\"\" srcset=\"https:\/\/www.cantorama.ch\/wp-content\/uploads\/2024\/12\/orgel14.jpg 1024w, https:\/\/www.cantorama.ch\/wp-content\/uploads\/2024\/12\/orgel14-900x675.jpg 900w, https:\/\/www.cantorama.ch\/wp-content\/uploads\/2024\/12\/orgel14-768x576.jpg 768w\" sizes=\"auto, (max-width: 1024px) 100vw, 1024px\" \/><\/a><\/figure>\r\n<\/div>\r\n<\/div>\r\n\r\n\r\n\r\n<div class=\"wp-block-columns is-layout-flex wp-container-core-columns-is-layout-28f84493 wp-block-columns-is-layout-flex\">\r\n<div class=\"wp-block-column is-layout-flow wp-block-column-is-layout-flow\">\r\n<figure class=\"wp-block-image size-full\"><a href=\"https:\/\/www.cantorama.ch\/wp-content\/uploads\/2024\/12\/Altes-Pfarrhaus-1.jpg\" target=\"_blank\" rel=\"noreferrer noopener\"><img loading=\"lazy\" decoding=\"async\" width=\"1920\" height=\"1208\" class=\"wp-image-575\" src=\"https:\/\/www.cantorama.ch\/wp-content\/uploads\/2024\/12\/Altes-Pfarrhaus-1.jpg\" alt=\"\" srcset=\"https:\/\/www.cantorama.ch\/wp-content\/uploads\/2024\/12\/Altes-Pfarrhaus-1.jpg 1920w, https:\/\/www.cantorama.ch\/wp-content\/uploads\/2024\/12\/Altes-Pfarrhaus-1-900x566.jpg 900w, https:\/\/www.cantorama.ch\/wp-content\/uploads\/2024\/12\/Altes-Pfarrhaus-1-768x483.jpg 768w, https:\/\/www.cantorama.ch\/wp-content\/uploads\/2024\/12\/Altes-Pfarrhaus-1-1536x966.jpg 1536w\" sizes=\"auto, (max-width: 1920px) 100vw, 1920px\" \/><\/a><\/figure>\r\n\r\n\r\n\r\n<h3 class=\"wp-block-heading has-text-align-center\">L&rsquo;Ancienne Cure<\/h3>\r\n<\/div>\r\n\r\n\r\n\r\n<div class=\"wp-block-column is-layout-flow wp-block-column-is-layout-flow\">\r\n<figure class=\"wp-block-image size-full\"><a href=\"https:\/\/www.cantorama.ch\/wp-content\/uploads\/2024\/11\/die-alte-Kur-01.jpg\" target=\"_blank\" rel=\"noreferrer noopener\"><img loading=\"lazy\" decoding=\"async\" width=\"1920\" height=\"1200\" class=\"wp-image-94\" src=\"https:\/\/www.cantorama.ch\/wp-content\/uploads\/2024\/11\/die-alte-Kur-01.jpg\" alt=\"\" srcset=\"https:\/\/www.cantorama.ch\/wp-content\/uploads\/2024\/11\/die-alte-Kur-01.jpg 1920w, https:\/\/www.cantorama.ch\/wp-content\/uploads\/2024\/11\/die-alte-Kur-01-900x563.jpg 900w, https:\/\/www.cantorama.ch\/wp-content\/uploads\/2024\/11\/die-alte-Kur-01-768x480.jpg 768w, https:\/\/www.cantorama.ch\/wp-content\/uploads\/2024\/11\/die-alte-Kur-01-1536x960.jpg 1536w\" sizes=\"auto, (max-width: 1920px) 100vw, 1920px\" \/><\/a><\/figure>\r\n\r\n\r\n\r\n<h3 class=\"wp-block-heading has-text-align-center\">L&rsquo;Ancienne Cure aujourd&rsquo;hui<\/h3>\r\n<\/div>\r\n<\/div>\r\n\r\n\r\n\r\n<p>&nbsp;<\/p>\r\n","protected":false},"excerpt":{"rendered":"<p>L&rsquo;histoire du Cantorama 1228Erste urkundliche Erw\u00e4hnung der romanischen Kirche 13.\/14. JahrhundertErweiterung der Kirche. 16, JahrhundertVermutlicher Bau des Turms auf der [&hellip;]<\/p>\n","protected":false},"author":3,"featured_media":0,"parent":273,"menu_order":3004,"comment_status":"closed","ping_status":"closed","template":"","meta":{"site-sidebar-layout":"default","site-content-layout":"","ast-site-content-layout":"","site-content-style":"default","site-sidebar-style":"default","ast-global-header-display":"","ast-banner-title-visibility":"","ast-main-header-display":"","ast-hfb-above-header-display":"","ast-hfb-below-header-display":"","ast-hfb-mobile-header-display":"","site-post-title":"disabled","ast-breadcrumbs-content":"","ast-featured-img":"","footer-sml-layout":"","theme-transparent-header-meta":"","adv-header-id-meta":"","stick-header-meta":"","header-above-stick-meta":"","header-main-stick-meta":"","header-below-stick-meta":"","astra-migrate-meta-layouts":"default","ast-page-background-enabled":"default","ast-page-background-meta":{"desktop":{"background-color":"var(--ast-global-color-4)","background-image":"","background-repeat":"repeat","background-position":"center center","background-size":"auto","background-attachment":"scroll","background-type":"","background-media":"","overlay-type":"","overlay-color":"","overlay-opacity":"","overlay-gradient":""},"tablet":{"background-color":"","background-image":"","background-repeat":"repeat","background-position":"center center","background-size":"auto","background-attachment":"scroll","background-type":"","background-media":"","overlay-type":"","overlay-color":"","overlay-opacity":"","overlay-gradient":""},"mobile":{"background-color":"","background-image":"","background-repeat":"repeat","background-position":"center center","background-size":"auto","background-attachment":"scroll","background-type":"","background-media":"","overlay-type":"","overlay-color":"","overlay-opacity":"","overlay-gradient":""}},"ast-content-background-meta":{"desktop":{"background-color":"var(--ast-global-color-5)","background-image":"","background-repeat":"repeat","background-position":"center center","background-size":"auto","background-attachment":"scroll","background-type":"","background-media":"","overlay-type":"","overlay-color":"","overlay-opacity":"","overlay-gradient":""},"tablet":{"background-color":"var(--ast-global-color-5)","background-image":"","background-repeat":"repeat","background-position":"center center","background-size":"auto","background-attachment":"scroll","background-type":"","background-media":"","overlay-type":"","overlay-color":"","overlay-opacity":"","overlay-gradient":""},"mobile":{"background-color":"var(--ast-global-color-5)","background-image":"","background-repeat":"repeat","background-position":"center center","background-size":"auto","background-attachment":"scroll","background-type":"","background-media":"","overlay-type":"","overlay-color":"","overlay-opacity":"","overlay-gradient":""}},"ngg_post_thumbnail":0,"footnotes":""},"class_list":["post-600","page","type-page","status-publish","hentry"],"featured_image_src":null,"publishpress_future_action":{"enabled":false,"date":"2026-05-02 16:14:50","action":"change-status","newStatus":"draft","terms":[],"taxonomy":"language","extraData":[]},"publishpress_future_workflow_manual_trigger":{"enabledWorkflows":[]},"_links":{"self":[{"href":"https:\/\/www.cantorama.ch\/fr\/wp-json\/wp\/v2\/pages\/600","targetHints":{"allow":["GET"]}}],"collection":[{"href":"https:\/\/www.cantorama.ch\/fr\/wp-json\/wp\/v2\/pages"}],"about":[{"href":"https:\/\/www.cantorama.ch\/fr\/wp-json\/wp\/v2\/types\/page"}],"author":[{"embeddable":true,"href":"https:\/\/www.cantorama.ch\/fr\/wp-json\/wp\/v2\/users\/3"}],"replies":[{"embeddable":true,"href":"https:\/\/www.cantorama.ch\/fr\/wp-json\/wp\/v2\/comments?post=600"}],"version-history":[{"count":0,"href":"https:\/\/www.cantorama.ch\/fr\/wp-json\/wp\/v2\/pages\/600\/revisions"}],"up":[{"embeddable":true,"href":"https:\/\/www.cantorama.ch\/fr\/wp-json\/wp\/v2\/pages\/273"}],"wp:attachment":[{"href":"https:\/\/www.cantorama.ch\/fr\/wp-json\/wp\/v2\/media?parent=600"}],"curies":[{"name":"wp","href":"https:\/\/api.w.org\/{rel}","templated":true}]}}