{"id":35,"date":"2024-11-21T17:10:22","date_gmt":"2024-11-21T16:10:22","guid":{"rendered":"https:\/\/new.cantorama.ch\/?page_id=35"},"modified":"2025-12-31T11:09:37","modified_gmt":"2025-12-31T10:09:37","slug":"willkommen","status":"publish","type":"page","link":"https:\/\/www.cantorama.ch\/fr\/","title":{"rendered":"Accueil"},"content":{"rendered":"\r\n<div class=\"wp-block-columns is-layout-flex wp-container-core-columns-is-layout-1ec2ec05 wp-block-columns-is-layout-flex\" style=\"margin-top:0;margin-bottom:0;padding-top:0;padding-right:0;padding-bottom:0;padding-left:0\">\r\n<div class=\"wp-block-column is-layout-flow wp-block-column-is-layout-flow\" style=\"flex-basis:100%\">\r\n<figure class=\"wp-block-image aligncenter size-full\"><img decoding=\"async\" src=\"https:\/\/www.cantorama.ch\/wp-content\/uploads\/2024\/11\/cantorama-01f.jpg\" alt=\"\"\/><\/figure>\r\n<\/div>\r\n<\/div>\r\n\r\n\r\n\r\n<div class=\"wp-block-columns is-layout-flex wp-container-core-columns-is-layout-28f84493 wp-block-columns-is-layout-flex\">\r\n<div class=\"wp-block-column is-layout-flow wp-block-column-is-layout-flow\" style=\"flex-basis:20%\">\r\n<figure class=\"wp-block-image size-full\"><img decoding=\"async\" src=\"https:\/\/www.cantorama.ch\/wp-content\/uploads\/2024\/12\/cantorama_view.jpg\" alt=\"\"\/><\/figure>\r\n\r\n\r\n\r\n<div style=\"height:10px\" aria-hidden=\"true\" class=\"wp-block-spacer\"><\/div>\r\n\r\n\r\n\r\n<h4 class=\"wp-block-heading has-text-align-center\"><strong> <\/strong><\/h4>\r\n\r\n\r\n\r\n<p class=\"has-text-align-center\"> <\/p>\r\n\r\n\r\n\r\n<p class=\"has-text-align-center\"> <\/p>\r\n<\/div>\r\n\r\n\r\n\r\n<div class=\"wp-block-column is-layout-flow wp-block-column-is-layout-flow\" style=\"flex-basis:40%\"><div class=\"wp-block-ub-content-toggle wp-block-ub-content-toggle-block\" id=\"ub-content-toggle-block-05f92828-9ae9-4721-a454-ea5dee9094c5\" data-mobilecollapse=\"true\" data-desktopcollapse=\"true\" data-preventcollapse=\"false\" data-showonlyone=\"false\">\r\n<div class=\"wp-block-ub-content-toggle-accordion\" style=\"border-color: #f1f1f1; \" id=\"ub-content-toggle-panel-block-\">\n\t\t\t<div class=\"wp-block-ub-content-toggle-accordion-title-wrap\" style=\"background-color: #f1f1f1;\" aria-controls=\"ub-content-toggle-panel-0-05f92828-9ae9-4721-a454-ea5dee9094c5\" tabindex=\"0\">\n\t\t\t<h3 class=\"wp-block-ub-content-toggle-accordion-title ub-content-toggle-title-05f92828-9ae9-4721-a454-ea5dee9094c5\" style=\"color: #000000; \">Concerts et repr\u00e9sentations<\/h3>\n\t\t\t<div class=\"wp-block-ub-content-toggle-accordion-toggle-wrap left\" style=\"color: #000000;\"><span class=\"wp-block-ub-content-toggle-accordion-state-indicator wp-block-ub-chevron-down\"><\/span><\/div>\n\t\t<\/div>\n\t\t\t<div role=\"region\" aria-expanded=\"false\" class=\"wp-block-ub-content-toggle-accordion-content-wrap ub-hide\" id=\"ub-content-toggle-panel-0-05f92828-9ae9-4721-a454-ea5dee9094c5\">\r\n\r\n<p><a href=\"https:\/\/www.cantorama.ch\/fr\/veranstaltungen-tickets\/\">Pour consulter les concerts et repr\u00e9sentations &#8230;<\/a><\/p>\r\n\r\n<\/div>\n\t\t<\/div>\r\n\r\n<div class=\"wp-block-ub-content-toggle-accordion\" style=\"border-color: #f1f1f1; \" id=\"ub-content-toggle-panel-block-\">\n\t\t\t<div class=\"wp-block-ub-content-toggle-accordion-title-wrap\" style=\"background-color: #f1f1f1;\" aria-controls=\"ub-content-toggle-panel-1-05f92828-9ae9-4721-a454-ea5dee9094c5\" tabindex=\"0\">\n\t\t\t<h3 class=\"wp-block-ub-content-toggle-accordion-title ub-content-toggle-title-05f92828-9ae9-4721-a454-ea5dee9094c5\" style=\"color: #000000; \">Visites et heures d&rsquo;ouverture<\/h3>\n\t\t\t<div class=\"wp-block-ub-content-toggle-accordion-toggle-wrap left\" style=\"color: #000000;\"><span class=\"wp-block-ub-content-toggle-accordion-state-indicator wp-block-ub-chevron-down\"><\/span><\/div>\n\t\t<\/div>\n\t\t\t<div role=\"region\" aria-expanded=\"false\" class=\"wp-block-ub-content-toggle-accordion-content-wrap ub-hide\" id=\"ub-content-toggle-panel-1-05f92828-9ae9-4721-a454-ea5dee9094c5\">\r\n\r\n<p>Heures d&rsquo;ouverture pour les visites :<br>&#8211; pendant les mois de <strong>juillet et ao\u00fbt<\/strong><br>&#8211; les dimanches <strong>de 14h \u00e0 17h<\/strong><br>&#8211; ouverture particuli\u00e8re pour des groupes sur demande<\/p>\r\n\r\n\r\n\r\n<p>Pour les visites sur demande :<br><strong>Werner Schuwey<\/strong><br>T\u00e9l\u00e9phone :  079 708 58 60<br>E-Mail:  werner.schuwey@cantorama.ch<br><\/p>\r\n\r\n<\/div>\n\t\t<\/div>\r\n\r\n<div class=\"wp-block-ub-content-toggle-accordion\" style=\"border-color: #f1f1f1; \" id=\"ub-content-toggle-panel-block-\">\n\t\t\t<div class=\"wp-block-ub-content-toggle-accordion-title-wrap\" style=\"background-color: #f1f1f1;\" aria-controls=\"ub-content-toggle-panel-2-05f92828-9ae9-4721-a454-ea5dee9094c5\" tabindex=\"0\">\n\t\t\t<h3 class=\"wp-block-ub-content-toggle-accordion-title ub-content-toggle-title-05f92828-9ae9-4721-a454-ea5dee9094c5\" style=\"color: #000000; \">Soci\u00e9t\u00e9 Les Amis du Cantorama<\/h3>\n\t\t\t<div class=\"wp-block-ub-content-toggle-accordion-toggle-wrap left\" style=\"color: #000000;\"><span class=\"wp-block-ub-content-toggle-accordion-state-indicator wp-block-ub-chevron-down\"><\/span><\/div>\n\t\t<\/div>\n\t\t\t<div role=\"region\" aria-expanded=\"false\" class=\"wp-block-ub-content-toggle-accordion-content-wrap ub-hide\" id=\"ub-content-toggle-panel-2-05f92828-9ae9-4721-a454-ea5dee9094c5\">\r\n\r\n<p><a href=\"https:\/\/www.cantorama.ch\/fr\/freunde-des-cantorama\/\">Acc\u00e8s \u00e0 la Soci\u00e9t\u00e9 des Amis du Cantorama &#8230;<\/a><\/p>\r\n\r\n<\/div>\n\t\t<\/div>\r\n\r\n<div class=\"wp-block-ub-content-toggle-accordion\" style=\"border-color: #f1f1f1; \" id=\"ub-content-toggle-panel-block-\">\n\t\t\t<div class=\"wp-block-ub-content-toggle-accordion-title-wrap\" style=\"background-color: #f1f1f1;\" aria-controls=\"ub-content-toggle-panel-3-05f92828-9ae9-4721-a454-ea5dee9094c5\" tabindex=\"0\">\n\t\t\t<h3 class=\"wp-block-ub-content-toggle-accordion-title ub-content-toggle-title-05f92828-9ae9-4721-a454-ea5dee9094c5\" style=\"color: #000000; \">Le Cantorama<\/h3>\n\t\t\t<div class=\"wp-block-ub-content-toggle-accordion-toggle-wrap left\" style=\"color: #000000;\"><span class=\"wp-block-ub-content-toggle-accordion-state-indicator wp-block-ub-chevron-down\"><\/span><\/div>\n\t\t<\/div>\n\t\t\t<div role=\"region\" aria-expanded=\"false\" class=\"wp-block-ub-content-toggle-accordion-content-wrap ub-hide\" id=\"ub-content-toggle-panel-3-05f92828-9ae9-4721-a454-ea5dee9094c5\">\r\n\r\n<p><a href=\"https:\/\/www.cantorama.ch\/fr\/das-cantorama\/\">Le Cantorama et son histoire &#8230;<\/a><\/p>\r\n\r\n<\/div>\n\t\t<\/div>\r\n\r\n<div class=\"wp-block-ub-content-toggle-accordion\" style=\"border-color: #f1f1f1; \" id=\"ub-content-toggle-panel-block-\">\n\t\t\t<div class=\"wp-block-ub-content-toggle-accordion-title-wrap\" style=\"background-color: #f1f1f1;\" aria-controls=\"ub-content-toggle-panel-4-05f92828-9ae9-4721-a454-ea5dee9094c5\" tabindex=\"0\">\n\t\t\t<h3 class=\"wp-block-ub-content-toggle-accordion-title ub-content-toggle-title-05f92828-9ae9-4721-a454-ea5dee9094c5\" style=\"color: #000000; \">Archives des concerts<\/h3>\n\t\t\t<div class=\"wp-block-ub-content-toggle-accordion-toggle-wrap left\" style=\"color: #000000;\"><span class=\"wp-block-ub-content-toggle-accordion-state-indicator wp-block-ub-chevron-down\"><\/span><\/div>\n\t\t<\/div>\n\t\t\t<div role=\"region\" aria-expanded=\"false\" class=\"wp-block-ub-content-toggle-accordion-content-wrap ub-hide\" id=\"ub-content-toggle-panel-4-05f92828-9ae9-4721-a454-ea5dee9094c5\">\r\n\r\n<p><a href=\"https:\/\/www.cantorama.ch\/fr\/veranstaltungen-tickets\/archives\/\">Acc\u00e8s aux archives &#8230;<\/a><\/p>\r\n\r\n<\/div>\n\t\t<\/div>\r\n<\/div>\r\n\r\n\r\n<div style=\"height:50px\" aria-hidden=\"true\" class=\"wp-block-spacer\"><\/div>\r\n\r\n\r\n\r\n\r\n<div class=\"wp-block-columns is-layout-flex wp-container-core-columns-is-layout-28f84493 wp-block-columns-is-layout-flex\">\r\n<div class=\"wp-block-column is-layout-flow wp-block-column-is-layout-flow\">\r\n<figure class=\"wp-block-image aligncenter size-full is-resized\"><a href=\"https:\/\/www.cantorama.ch\/wp-content\/uploads\/2025\/12\/Cantorama-Jaun_Libretto_2026.pdf\" target=\"_blank\" rel=\" noreferrer noopener\"><img decoding=\"async\" src=\"https:\/\/www.cantorama.ch\/wp-content\/uploads\/2025\/12\/libretto_2026.jpg\" alt=\"\" class=\"wp-image-1897\" style=\"width:227px;height:auto\"\/><\/a><\/figure>\r\n\r\n\r\n\r\n<p class=\"has-text-align-center\"><em><a href=\"https:\/\/www.cantorama.ch\/wp-content\/uploads\/2025\/12\/Cantorama-Jaun_Libretto_2026.pdf\" target=\"_blank\" rel=\"noreferrer noopener\">Libretto des Concerts du Cantorama 2026<\/a><\/em><\/p>\r\n<\/div>\r\n<\/div>\r\n<\/div>\r\n\r\n\r\n\r\n<div class=\"wp-block-column is-layout-flow wp-block-column-is-layout-flow\" style=\"flex-basis:40%\"><h3 style=\"text-align: center;color: var(--ast-global-color-5);background-color: #0693e3;font-size: 32px;letter-spacing: 0px;text-transform: None;, serif;font-weight: Normal;line-height: 41px\" class=\"ub_advanced_heading wp-block-ub-advanced-heading\" id=\"ub-advanced-heading-def605a7-708b-4252-a844-fca50989661f\" data-blockid=\"def605a7-708b-4252-a844-fca50989661f\">Prochains concerts et tickets<\/h3>\r\n\r\n<div class='pt-cv-wrapper'> <div class=\"pt-cv-view pt-cv-blockgrid iscvblock iscvreal list1 layout1\" id=\"pt-cv-view-qwjj8g6m\"><div data-id=\"pt-cv-page-1\" class=\"pt-cv-page\" data-cvc=\"1\"><div class=\" pt-cv-content-item pt-cv-2-col\" ><div class=\"pt-cv-thumb-wrapper pull-right \"><a href=\"https:\/\/www.cantorama.ch\/fr\/2026-05-02\/\" class=\"_self pt-cv-href-thumbnail pt-cv-thumb-right\" target=\"_self\" ><img loading=\"lazy\" decoding=\"async\" width=\"150\" height=\"150\" src=\"https:\/\/www.cantorama.ch\/wp-content\/uploads\/2025\/01\/image_combinee-150x150.jpg\" class=\"pt-cv-thumbnail pull-right\" alt=\"\" \/><\/a><\/div>\n<div class=\"pt-cv-colwrap\"><div class=\"pt-cv-content\"><h5 class=\"wp-block-heading has-medium-font-size\">Samstag 2. Mai 2026 um 20.00 Uhr<\/h5> <h5 class=\"wp-block-heading\">Samedi 2 mai 2026 \u00e0 20.00 h<\/h5> <p class=\"has-medium-font-size\"><strong>Jodlerklub Alph\u00fcttli &#8211; Plaffeien<\/strong><\/p> <p class=\"has-medium-font-size\"><strong>Jodlerklub Echo vom B\u00e4rgli &#8211; Rechthalten<\/strong><\/p> <p class=\"has-text-align-center\">Konzertprogramm &#8211; Programme du concert<\/p> &#8230;<\/div><div class=\"pt-cv-rmwrap\"><a href=\"https:\/\/www.cantorama.ch\/fr\/2026-05-02\/\" class=\"_self pt-cv-readmore btn btn-success\" target=\"_self\" >Lire la suite &#8230;<\/a><\/div><\/div><\/div>\n<div class=\" pt-cv-content-item pt-cv-2-col\" ><div class=\"pt-cv-thumb-wrapper pull-right \"><a href=\"https:\/\/www.cantorama.ch\/fr\/2026-06-14\/\" class=\"_self pt-cv-href-thumbnail pt-cv-thumb-right\" target=\"_self\" ><img loading=\"lazy\" decoding=\"async\" width=\"150\" height=\"150\" src=\"https:\/\/www.cantorama.ch\/wp-content\/uploads\/2026\/01\/yermak_et_amitie_chantante-150x150.jpg\" class=\"pt-cv-thumbnail pull-right\" alt=\"\" \/><\/a><\/div>\n<div class=\"pt-cv-colwrap\"><div class=\"pt-cv-content\"><h5 class=\"wp-block-heading\" id=\"0-dimanche-14-juin-2026-%C3%A0-1700h\">Dimanche 14 juin 2026 \u00e0 17.00 h<\/h5> <h5 class=\"wp-block-heading\" id=\"1-sonntag-14-juni-2026-um-1700-uhr\">Sonntag 14. Juni 2026 um 17.00 Uhr<\/h5> <p class=\"has-medium-font-size\"><strong>Yermak Duo<\/strong><\/p> <p class=\"has-medium-font-size\"><strong>L&rsquo;Amiti\u00e9 chantante<\/strong><\/p> <p class=\"has-text-align-center\">Programme du concert &#8211; Konzertprogramm<\/p> <a href=\"https:\/\/www.cantorama.ch\/wp-content\/uploads\/2026\/01\/yermak_et_amitie_chantante.jpg\"><\/a> <p>Le <strong>Yermak Duo<\/strong> tire son &#8230;<\/p><\/div><div class=\"pt-cv-rmwrap\"><a href=\"https:\/\/www.cantorama.ch\/fr\/2026-06-14\/\" class=\"_self pt-cv-readmore btn btn-success\" target=\"_self\" >Lire la suite &#8230;<\/a><\/div><\/div><\/div><\/div><\/div> <\/div> <style>\n#pt-cv-view-qwjj8g6m {text-align: left}\n#pt-cv-view-qwjj8g6m .pt-cv-content-item { border-style: none;box-shadow: 5px 5px 5px 5px #00000082; }#pt-cv-view-qwjj8g6m .pt-cv-meta-fields {  }#pt-cv-view-qwjj8g6m .pt-cv-meta-fields * { font-size: 13px; }#pt-cv-view-qwjj8g6m .pt-cv-thumb-wrapper:not(.miniwrap) { width: 40%; }#pt-cv-view-qwjj8g6m .pt-cv-thumbnail:not(.pt-cv-thumbnailsm) { height: 250px; }#pt-cv-view-qwjj8g6m .pt-cv-title a { display: block; }#pt-cv-view-qwjj8g6m .pt-cv-title:not(.pt-cv-titlesm) a { font-weight: 600;text-decoration: none;font-size: 22px; }#pt-cv-view-qwjj8g6m .pt-cv-titlesm a { font-weight: 600;font-size: 18px; }#pt-cv-view-qwjj8g6m .pt-cv-content { font-size: 15px; }#pt-cv-view-qwjj8g6m .pt-cv-rmwrap {  }#pt-cv-view-qwjj8g6m .pt-cv-readmore { color: #fff;background-color: #0075ff;font-size: 14px; }#pt-cv-view-qwjj8g6m .pt-cv-taxoterm {  }#pt-cv-view-qwjj8g6m .pt-cv-taxoterm * { color: #222;background-color: #fff6f6;font-size: 14px; }#pt-cv-view-qwjj8g6m + .pt-cv-pagination-wrapper {  }#pt-cv-view-qwjj8g6m + .pt-cv-pagination-wrapper a { font-size: 14px; }#pt-cv-view-qwjj8g6m > .pt-cv-page {grid-template-columns: repeat(1, 1fr);grid-gap: 20px;}\n@media all and (max-width: 1024px) { \n#pt-cv-view-qwjj8g6m > .pt-cv-page {grid-template-columns: repeat(1, 1fr);}\n} \n@media all and (max-width: 767px) { \n#pt-cv-view-qwjj8g6m > .pt-cv-page {grid-template-columns: repeat(1, 1fr);}\n} <\/style><\/div>\r\n<\/div>\r\n\r\n\r\n\r\n<p><\/p>\r\n","protected":false},"excerpt":{"rendered":"<p>Pour consulter les concerts et repr\u00e9sentations &#8230; Heures d&rsquo;ouverture pour les visites :&#8211; pendant les mois de juillet et ao\u00fbt&#8211; [&hellip;]<\/p>\n","protected":false},"author":3,"featured_media":0,"parent":0,"menu_order":10,"comment_status":"closed","ping_status":"closed","template":"","meta":{"site-sidebar-layout":"default","site-content-layout":"","ast-site-content-layout":"","site-content-style":"default","site-sidebar-style":"default","ast-global-header-display":"","ast-banner-title-visibility":"","ast-main-header-display":"","ast-hfb-above-header-display":"","ast-hfb-below-header-display":"","ast-hfb-mobile-header-display":"","site-post-title":"disabled","ast-breadcrumbs-content":"","ast-featured-img":"","footer-sml-layout":"","theme-transparent-header-meta":"","adv-header-id-meta":"","stick-header-meta":"","header-above-stick-meta":"","header-main-stick-meta":"","header-below-stick-meta":"","astra-migrate-meta-layouts":"default","ast-page-background-enabled":"default","ast-page-background-meta":{"desktop":{"background-color":"var(--ast-global-color-4)","background-image":"","background-repeat":"repeat","background-position":"center center","background-size":"auto","background-attachment":"scroll","background-type":"","background-media":"","overlay-type":"","overlay-color":"","overlay-opacity":"","overlay-gradient":""},"tablet":{"background-color":"","background-image":"","background-repeat":"repeat","background-position":"center center","background-size":"auto","background-attachment":"scroll","background-type":"","background-media":"","overlay-type":"","overlay-color":"","overlay-opacity":"","overlay-gradient":""},"mobile":{"background-color":"","background-image":"","background-repeat":"repeat","background-position":"center center","background-size":"auto","background-attachment":"scroll","background-type":"","background-media":"","overlay-type":"","overlay-color":"","overlay-opacity":"","overlay-gradient":""}},"ast-content-background-meta":{"desktop":{"background-color":"var(--ast-global-color-5)","background-image":"","background-repeat":"repeat","background-position":"center center","background-size":"auto","background-attachment":"scroll","background-type":"","background-media":"","overlay-type":"","overlay-color":"","overlay-opacity":"","overlay-gradient":""},"tablet":{"background-color":"var(--ast-global-color-5)","background-image":"","background-repeat":"repeat","background-position":"center center","background-size":"auto","background-attachment":"scroll","background-type":"","background-media":"","overlay-type":"","overlay-color":"","overlay-opacity":"","overlay-gradient":""},"mobile":{"background-color":"var(--ast-global-color-5)","background-image":"","background-repeat":"repeat","background-position":"center center","background-size":"auto","background-attachment":"scroll","background-type":"","background-media":"","overlay-type":"","overlay-color":"","overlay-opacity":"","overlay-gradient":""}},"ngg_post_thumbnail":0,"footnotes":""},"class_list":["post-35","page","type-page","status-publish","hentry"],"featured_image_src":null,"publishpress_future_action":{"enabled":false,"date":"2026-05-03 02:19:16","action":"change-status","newStatus":"draft","terms":[],"taxonomy":"language","extraData":[]},"publishpress_future_workflow_manual_trigger":{"enabledWorkflows":[]},"_links":{"self":[{"href":"https:\/\/www.cantorama.ch\/fr\/wp-json\/wp\/v2\/pages\/35","targetHints":{"allow":["GET"]}}],"collection":[{"href":"https:\/\/www.cantorama.ch\/fr\/wp-json\/wp\/v2\/pages"}],"about":[{"href":"https:\/\/www.cantorama.ch\/fr\/wp-json\/wp\/v2\/types\/page"}],"author":[{"embeddable":true,"href":"https:\/\/www.cantorama.ch\/fr\/wp-json\/wp\/v2\/users\/3"}],"replies":[{"embeddable":true,"href":"https:\/\/www.cantorama.ch\/fr\/wp-json\/wp\/v2\/comments?post=35"}],"version-history":[{"count":2,"href":"https:\/\/www.cantorama.ch\/fr\/wp-json\/wp\/v2\/pages\/35\/revisions"}],"predecessor-version":[{"id":2729,"href":"https:\/\/www.cantorama.ch\/fr\/wp-json\/wp\/v2\/pages\/35\/revisions\/2729"}],"wp:attachment":[{"href":"https:\/\/www.cantorama.ch\/fr\/wp-json\/wp\/v2\/media?parent=35"}],"curies":[{"name":"wp","href":"https:\/\/api.w.org\/{rel}","templated":true}]}}