{"id":2184,"date":"2025-04-19T22:34:07","date_gmt":"2025-04-19T20:34:07","guid":{"rendered":"https:\/\/www.cantorama.ch\/?page_id=2184"},"modified":"2025-04-20T10:44:38","modified_gmt":"2025-04-20T08:44:38","slug":"galerie-2021","status":"publish","type":"page","link":"https:\/\/www.cantorama.ch\/fr\/veranstaltungen-tickets\/galerie-2021\/","title":{"rendered":"Galerie 2021"},"content":{"rendered":"\n<h1 class=\"wp-block-heading has-text-align-center\">Konzertgalerie &#8211; 2021 &#8211; Galerie des concerts<\/h1>\n\n\n\n<a href=\"javascript:history.back()\">< Zur\u00fcck zur Auswahlseite<br>< Retour \u00e0 la page de s\u00e9lection<\/a>\n\n\n\n<div class=\"wp-block-columns is-layout-flex wp-container-core-columns-is-layout-28f84493 wp-block-columns-is-layout-flex\">\n<div class=\"wp-block-column is-layout-flow wp-block-column-is-layout-flow\" style=\"flex-basis:33.33%\">\n<h3 class=\"wp-block-heading has-text-align-center\">30.12.2021<\/h3>\n\n\n\n<h2 class=\"wp-block-heading has-text-align-center\">Perles Baroques<\/h2>\n<\/div>\n\n\n\n<div class=\"wp-block-column is-layout-flow wp-block-column-is-layout-flow\" style=\"flex-basis:66.66%\">\nngg_shortcode_0_placeholder\n\n\n\n<p>Nous avons c\u00e9l\u00e9br\u00e9 le Nouvel An de mani\u00e8re particuli\u00e8re en cette fin d\u2019ann\u00e9e 2021. Pas de valses viennoises ou de polkas, pas de bulles de champagne, mais une ambiance plus feutr\u00e9e des cours du XVIIe si\u00e8cle avec les danses \u00e9l\u00e9gantes des danseuses emmen\u00e9es par <strong>Silvana Baumgartner.<\/strong> Les musiques de Lully, Rameau ou Haendel ont \u00e9t\u00e9 servies magnifiquement par le violon d\u2019<strong>Isma\u00ebl Normand<\/strong>, par la contrebasse de <strong>Jocelyne Rudasigwa<\/strong> et le piano de <strong>Rapha\u00ebl Sudan<\/strong>. On peut mettre en \u00e9vidence la Suite fran\u00e7aise n\u00b0 2, BWV 813 de Bach interpr\u00e9t\u00e9e avec brio par le pianiste et aussi les interventions de la soprano Evgenia Grecova qui a remplac\u00e9 au pied lev\u00e9 l\u2019instigatrice de ce concert Vera Kalberguenova, retenue par la maladie. L\u2019\u00e9motion a atteint son sommet avec Lascia ch\u2019io pianga, extrait de Rinaldo.<br>2021 a \u00e9t\u00e9 l\u2019ann\u00e9e du 30\u00e8me anniversaire des concerts au Cantorama. Dr\u00f4le d\u2019ann\u00e9e, car nous n\u2019avons rien f\u00eat\u00e9. Vivement 2022, ann\u00e9e que nous souhaitons bonne !<\/p>\n<\/div>\n<\/div>\n\n\n\n<div class=\"wp-block-columns is-layout-flex wp-container-core-columns-is-layout-28f84493 wp-block-columns-is-layout-flex\">\n<div class=\"wp-block-column is-layout-flow wp-block-column-is-layout-flow\" style=\"flex-basis:33.33%\">\n<h3 class=\"wp-block-heading has-text-align-center\">19.12.2021<\/h3>\n\n\n\n<h2 class=\"wp-block-heading has-text-align-center\">Ensemble Orlando Fribourg<\/h2>\n<\/div>\n\n\n\n<div class=\"wp-block-column is-layout-flow wp-block-column-is-layout-flow\" style=\"flex-basis:66.66%\">\nngg_shortcode_1_placeholder\n\n\n\n<p>L\u2019<strong>Ensemble Orlando Fribourg<\/strong> a chant\u00e9 No\u00ebl au Cantorama. Et ce fut magnifique ! La f\u00eate a \u00e9t\u00e9 organis\u00e9e en trois parties.<br>D\u2019abord, des no\u00ebls et des motets de la Renaissance. Les auditeurs ont partag\u00e9 le \u00ab grand myst\u00e8re \u00bb de No\u00ebl gr\u00e2ce aux \u0153uvres de Byrd, Gabrieli ou Victoria et ils ont particuli\u00e8rement appr\u00e9ci\u00e9 le dialogue entre un quatuor, plac\u00e9 sur la tribune, et le ch\u0153ur. El Jubilate du compositeur espagnol Mateo Flecha a surpris et enthousiasm\u00e9 l\u2019auditoire. Cette musique m\u00e9lange, dans un m\u00eame morceau, diff\u00e9rents styles musicaux, diff\u00e9rentes langues ou onomatop\u00e9es.<br>Puis, des no\u00ebls et des motets du 20\u00e8me si\u00e8cle. Quel plaisir de d\u00e9couvrir les musiques de Taverner, de Britten ou de Kverno. Dans le O magnum mysterium de Poulenc, apr\u00e8s une introduction assez sombre, la voix pure des soprani, dans une m\u00e9lodie descendante qui vient de tr\u00e8s loin, semble \u00e9clairer le monde. Un moment de gr\u00e2ce \u2026<br>Enfin, quelques no\u00ebls traditionnels et les auditeurs ont pu appr\u00e9cier O nuit brillante ou Les Anges dans nos campagnes, mais aussi une magnifique m\u00e9lodie fran\u00e7aise interpr\u00e9t\u00e9e par deux solistes tout autant magnifiques.<br>Il faudrait \u00eatre un critique musical chevronn\u00e9 pour remercier comme il se doit l\u2019Ensemble Orlando et son directeur Laurent Gendre et surtout pour relever les qualit\u00e9s extraordinaires de leurs interpr\u00e9tations. Joyeux No\u00ebl !<\/p>\n<\/div>\n<\/div>\n\n\n\n<div class=\"wp-block-columns is-layout-flex wp-container-core-columns-is-layout-28f84493 wp-block-columns-is-layout-flex\">\n<div class=\"wp-block-column is-layout-flow wp-block-column-is-layout-flow\" style=\"flex-basis:33.33%\">\n<h3 class=\"wp-block-heading has-text-align-center\">21.11.2021<\/h3>\n\n\n\n<h2 class=\"wp-block-heading has-text-align-center\">Ensemble vocal f\u00e9minin Voca\u00eblles<\/h2>\n<\/div>\n\n\n\n<div class=\"wp-block-column is-layout-flow wp-block-column-is-layout-flow\" style=\"flex-basis:66.66%\">\nngg_shortcode_2_placeholder\n\n\n\n<p>\u00ab Gr\u00e2ce aux \u0153uvres uniques de <strong>Marie-Claire Stambac<\/strong> et de sa voix m\u00eal\u00e9e \u00e0 celles de quatre femmes d\u2019exp\u00e9riences qui composent aujourd\u2019hui l\u2019Ensemble, Voca\u00eblles vous propose de faire r\u00e9sonner ses chants envo\u00fbtants au sein de votre \u00e9glise, \u00e0 l\u2019acoustique si particuli\u00e8re et au cadre si magnifique. \u00bb<br>Cet extrait de la proposition de concert nous promettait des \u0153uvres uniques et envo\u00fbtantes et nous les avons eues. Et m\u00eame plus ! Nous sommes entr\u00e9s dans ce concert en glissant de la parole au chant, sans s\u2019en apercevoir. M\u00eame si le piano, l\u2019accord\u00e9on ou une sorte de tambourin ont parfois accompagn\u00e9 les chanteuses, la voix est devenue l\u2019instrument principal. Les m\u00e9lodies et les harmonies de Marie-Claire Stambac, un peu surprenantes au d\u00e9but, ont conquis les auditeurs (on aurait souhait\u00e9 qu\u2019ils soient un peu plus nombreux \u2026) et il \u00e9tait bien difficile de briser, par des applaudissements, l\u2019ambiance cr\u00e9\u00e9e par les chanteuses. Les quelques \u0153uvres de compositeurs contemporains slaves ont agr\u00e9ablement compl\u00e9t\u00e9 le th\u00e8me de ce magnifique concert Sur un fil, entre L\u00e9man et Baltique.<\/p>\n<\/div>\n<\/div>\n\n\n\n<div class=\"wp-block-columns is-layout-flex wp-container-core-columns-is-layout-28f84493 wp-block-columns-is-layout-flex\">\n<div class=\"wp-block-column is-layout-flow wp-block-column-is-layout-flow\" style=\"flex-basis:33.33%\">\n<h3 class=\"wp-block-heading has-text-align-center\">24.10.2021<\/h3>\n\n\n\n<h2 class=\"wp-block-heading has-text-align-center\">T\u00e9nor, Orgue et Violon<\/h2>\n<\/div>\n\n\n\n<div class=\"wp-block-column is-layout-flow wp-block-column-is-layout-flow\" style=\"flex-basis:66.66%\">\nngg_shortcode_3_placeholder\n\n\n\n<p><strong>Georg Poplutz<\/strong>, t\u00e9nor; <strong>Jean-Christophe Lecl\u00e8re<\/strong>, orgue; <strong>Plamena Nikitassova<\/strong>, violon;<br>L\u2019orgue historique du Cantorama a r\u00e9sonn\u00e9 \u00e0 nouveau sous les doigts de Jean-Christophe Lecl\u00e8re, m\u00e9decin \u00e0 Charmey, organiste \u00e0 Venise et \u00e0 Notre-Dame de L\u2019Epine, en Champagne.<br>En solo d\u2019abord, dans deux fantaisies et un choral ; c\u2019est toujours surprenant qu\u2019un si petit orgue puisse \u00e9mettre des sons si riches et si vari\u00e9s. En duo ensuite, pour accompagner le t\u00e9nor allemand Georg Poplutz dans des arias ou la violoniste bulgare Plamena Nikitassova pour deux sonates. En trio enfin, pour plusieurs arias. En r\u00e9sum\u00e9, nous avons eu le grand plaisir de vivre un magnifique concert en compagnie de Jean-S\u00e9bastien Bach servi par trois musiciens remarquables. Comme ils se trouvaient sur la tribune sup\u00e9rieure, la musique a envahi le Cantorama et on a eu l\u2019impression qu\u2019elle descendait du ciel.<br>C\u2019est donc dire que les auditeurs sont repartis enchant\u00e9s par la qualit\u00e9 de ces interpr\u00e9tations.<\/p>\n<\/div>\n<\/div>\n\n\n\n<div class=\"wp-block-columns is-layout-flex wp-container-core-columns-is-layout-28f84493 wp-block-columns-is-layout-flex\">\n<div class=\"wp-block-column is-layout-flow wp-block-column-is-layout-flow\" style=\"flex-basis:33.33%\">\n<h3 class=\"wp-block-heading has-text-align-center\">03.10.2021<\/h3>\n\n\n\n<h2 class=\"wp-block-heading has-text-align-center\">Ch\u0153ur Suisse des Jeunes<\/h2>\n<\/div>\n\n\n\n<div class=\"wp-block-column is-layout-flow wp-block-column-is-layout-flow\" style=\"flex-basis:66.66%\">\nngg_shortcode_4_placeholder\n\n\n\n<p>Avec le <strong>Ch\u0153ur Suisse des Jeunes<\/strong>, nous attendions un beau concert ; nous avons eu un concert de haut niveau. Cette formation suscite l\u2019enthousiasme du public gr\u00e2ce \u00e0 sa fra\u00eecheur, sa musicalit\u00e9, sa pr\u00e9cision, la diversit\u00e9 de ses prestations et son charme irr\u00e9sistible.<br>La premi\u00e8re partie du concert a \u00e9t\u00e9 marqu\u00e9e par l\u2019interpr\u00e9tation remarquable de La Messe \u00e0 double ch\u0153ur de Frank Martin et le public a appr\u00e9ci\u00e9 Les Quatrains Valaisans de Cyrill Sch\u00fcrch. La seconde partie a \u00e9t\u00e9 plus populaire et le quatri\u00e8me couplet du c\u00e9l\u00e8bre Vieux chalet de l\u2019Abb\u00e9 Bovet a traduit, non pas la joie sautillante d\u2019un nouveau chalet, mais bien la force tranquille et la solidit\u00e9 des traditions paysannes.<br>Pour le deuxi\u00e8me bis, les chanteuses et les chanteurs \u00e9taient r\u00e9partis dans tout le Cantorama. La musique a envahi doucement l\u2019Ancienne Eglise et les auditeurs, pris par l\u2019\u00e9motion, ont eu de la peine \u00e0 applaudir. On a eu l\u2019impression de casser quelque chose de fragile et de pr\u00e9cieux \u2026<\/p>\n<\/div>\n<\/div>\n\n\n\n<div class=\"wp-block-columns is-layout-flex wp-container-core-columns-is-layout-28f84493 wp-block-columns-is-layout-flex\">\n<div class=\"wp-block-column is-layout-flow wp-block-column-is-layout-flow\" style=\"flex-basis:33.33%\">\n<h3 class=\"wp-block-heading has-text-align-center\">12.09.2021<\/h3>\n\n\n\n<h2 class=\"wp-block-heading has-text-align-center\">Jean-Claude D\u00e9nervaud<br>R\u00e9cital de piano<\/h2>\n\n\n\n<p class=\"has-text-align-center\"><\/p>\n<\/div>\n\n\n\n<div class=\"wp-block-column is-layout-flow wp-block-column-is-layout-flow\" style=\"flex-basis:66.66%\">\nngg_shortcode_5_placeholder\n\n\n\n<p>Quand on parle de sonates de Beethoven, on pense tr\u00e8s souvent \u00e0 Clair de Lune, Appassionata ou Path\u00e9tique. <strong>Jean-Claude D\u00e9nervaud<\/strong>, professeur au Conservatoire de Fribourg, a, quant \u00e0 lui, choisi de pr\u00e9senter les trois derni\u00e8res sonates op. 109, 110 et 111, qui datent des ann\u00e9es 1820 \u00e0 1822. M\u00eame si elles constituent un monument unique dans l\u2019histoire de la musique occidentale, elles sont parmi les \u0153uvres les plus difficiles du r\u00e9pertoire.<br>Le pianiste fribourgeois a r\u00e9ussi \u00e0 enthousiasmer les auditeurs et \u00e0 d\u00e9voiler diff\u00e9rentes facettes du caract\u00e8re de Beethoven. On l\u2019imagine sombre ou col\u00e9rique, mais aussi plein de l\u00e9g\u00e8ret\u00e9 et de douceur, malgr\u00e9 les douleurs qui ont jalonn\u00e9 sa vie.<br>Deux bis ont termin\u00e9 ce grand moment de musique au Cantorama. M\u00eame sous les masques, on devinait le bonheur des auditeurs \u2026<\/p>\n<\/div>\n<\/div>\n\n\n\n<div class=\"wp-block-columns is-layout-flex wp-container-core-columns-is-layout-28f84493 wp-block-columns-is-layout-flex\">\n<div class=\"wp-block-column is-layout-flow wp-block-column-is-layout-flow\" style=\"flex-basis:33.33%\">\n<h3 class=\"wp-block-heading has-text-align-center\">20.08.2021<\/h3>\n\n\n\n<h2 class=\"wp-block-heading has-text-align-center\">Folklorekonzert<\/h2>\n<\/div>\n\n\n\n<div class=\"wp-block-column is-layout-flow wp-block-column-is-layout-flow\" style=\"flex-basis:66.66%\">\nngg_shortcode_6_placeholder\n\n\n\n<p>In einem voll besetzten Cantorama konnten wir das <strong>Trio Ed\u00f9wyss-Meitleni<\/strong> sowie das <strong>Schwyzer\u00f6rgeli-Quartett L\u00e4ngenberg<\/strong> begr\u00fcssen.<br>Zum Auftakt sang das Trio drei Lieder, darunter \u00abMueti u \u00c4tti\u2019s Jutz\u00bb von Ueli Moor. Die jungen Damen Ramona und Ivana Buchs, Lea Cottier sowie ihr Begleiter Oliver R\u00e9my stellten sich dem Publikum gleich selbst vor. Ihre Lebensfreude und Unbeschwertheit waren auf der B\u00fchne gut sp\u00fcrbar. Ihr Auftritt wirkte frisch und authentisch.<br>Olivier, der das Trio in der Regel musikalisch am Schwyzer\u00f6rgeli begleitet, wurde f\u00fcr dieses Konzert auch zum Mitsingen \u00fcberredet. Er hat diese Aufgabe mit Bravour gel\u00f6st.<br>Beim Publikum kam das Lied \u00ab\u00dcsere \u00c4tti\u00bb von Ursula Ming-Reber, welches zum Abschluss des Trios gesungen wurde, ganz besonders gut an.<br>Das Schwyzer\u00f6rgeli Quartett L\u00e4ngenberg spielte ein abwechslungsreiches Programm mit vielen eigenen Kompositionen. Man sp\u00fcrte schnell, dass die vier Herren Daniel Kissling, Ueli Burri, Bruno Marti und Benz Hefti ein eingespieltes Team und b\u00fchnenerfahren sind. So hatten alle \u00d6rgeli-Spieler zwei bis drei verschiedene Instrumente dabei und wechselten diese je nach Lied aus.<br>F\u00fcr die Schreiberin, welche diesem Musikstil in der Regel an lauten Dorffesten begegnet, war es ein besonders sch\u00f6nes Erlebnis, mit wie viel Emotionen und Hingabe die Musik in den alten Gem\u00e4usern des Cantorama vorgetragen wurde.<\/p>\n<\/div>\n<\/div>\n\n\n\n<div class=\"wp-block-columns is-layout-flex wp-container-core-columns-is-layout-28f84493 wp-block-columns-is-layout-flex\">\n<div class=\"wp-block-column is-layout-flow wp-block-column-is-layout-flow\" style=\"flex-basis:33.33%\">\n<h3 class=\"wp-block-heading has-text-align-center\">18.07.2021<\/h3>\n\n\n\n<h2 class=\"wp-block-heading has-text-align-center\">Le Souper du Roi<\/h2>\n<\/div>\n\n\n\n<div class=\"wp-block-column is-layout-flow wp-block-column-is-layout-flow\" style=\"flex-basis:66.66%\">\nngg_shortcode_7_placeholder\n\n\n\n<p>Nicht jeden Tag wird uns unsere Regional-Hymne \u00abL\u00e0-haut sur la montagne\u00bb von Joseph Bovet von einem Ensemble f\u00fcr alte Musik mit den entsprechenden Instrumenten vorgespielt. Am Konzert von \u00ab<strong>Le Souper du Roi<\/strong>\u00bb war dieser musikalische Leckerbissen allerdings bloss die Zugabe.<br>Doch fangen wir von vorne an:<br>Das Ensemble \u00abLe Souper du Roi\u00bb in der Besetzung von Johannes Knoll sowie Kerstin Kramp an der Oboe, Gilles Vanssons an der Oboe di Caccia, Andrew Burn am Fagott, Sebastian Bausch am Cembalo und Barbara Leitherer in ihrer Rolle als Prinzessin \u00abFiguelotte\u00bb \u00fcberzeugte uns \u2013 jung wie alt \u2013 mit ihren musikalischen und schauspielerischen Darbietungen und den vielen stilechten Requisiten aus der Zeit Ende des 17. Jahrhunderts. Nebst dem Vorstellen der mitgebrachten Instrumente wurde uns mit viel Schalk und Humor die Etikette der damaligen Zeit wie beispielsweise die Tischmanieren oder die Tanzstunden n\u00e4hergebracht.<br>Prinzessin Figuelotte wusste uns allerhand Spannendes aus ihrem Leben als Prinzessin zu erz\u00e4hlen und war sichtlich entsetzt \u00fcber die Damen im Publikum, welche Beinkleider trugen.<\/p>\n<\/div>\n<\/div>\n\n\n\n<div class=\"wp-block-columns is-layout-flex wp-container-core-columns-is-layout-28f84493 wp-block-columns-is-layout-flex\">\n<div class=\"wp-block-column is-layout-flow wp-block-column-is-layout-flow\" style=\"flex-basis:33.33%\">\n<h3 class=\"wp-block-heading has-text-align-center\">13.06.2021<\/h3>\n\n\n\n<h2 class=\"wp-block-heading has-text-align-center\">Duo Pianistico<\/h2>\n<\/div>\n\n\n\n<div class=\"wp-block-column is-layout-flow wp-block-column-is-layout-flow\" style=\"flex-basis:66.66%\">\nngg_shortcode_8_placeholder\n\n\n\n<p>\u00abHaben sie eine Feuerdecke, um den erhitzten Konzertfl\u00fcgel abzuk\u00fchlen?\u00bb, fragte ein begeisterter Konzertbesucher nach Ende des gut 90min\u00fctigen Musikgenusses. Dabei strahlte er \u00fcber das ganze Gesicht und erg\u00e4nzte, das Niveau der K\u00fcnstlerin und des K\u00fcnstlers seien einfach unglaublich hoch und das Konzert sei einfach fantastisch gewesen.<br>Dieser Konzertbesucher steht wohl stellvertretend f\u00fcr den Grossteil des Publikums, welches das Jazz-Konzert voller Begeisterung und Zufriedenheit verlassen hat.<br>Die Feuerdecke war zum Gl\u00fcck nicht n\u00f6tig, aber die Aussage beschreibt sehr sch\u00f6n, mit wie viel Professionalit\u00e4t, Energie, Tempo, Charme und Witz die Pianistin <strong>Stephanie Trick<\/strong> und ihr Ehemann und B\u00fchnenpartner <strong>Paolo Alderighi<\/strong> alias <strong>Duo Pianistico<\/strong> gespielt und durch das Konzert gef\u00fchrt haben. Sie verlangten dem Konzertfl\u00fcgel wahrlich alles ab und liessen wohl keine Taste unber\u00fchrt.<br>Der Wechsel vom vierh\u00e4ndigen zum zweih\u00e4ndigen Spiel verlief blitzschnell und mit scheinbarer Leichtigkeit \u2013 welch eine Augenweide, welche Pr\u00e4zision!<br>Das Publikum dankte es dem Duo mit Standing Ovation.<br>Die beiden \u00e4usserst sympathischen und bodenst\u00e4ndigen Musiker machten es dem Publikum einfach, sie in ihr Herz zu schliessen.<br>Ich wage eine Vermutung aufzustellen: Das Duo Pianistico hat mit dem gestrigen Konzert im Cantorama und dem grossen Andrang beim CD-Verkauf im Anschluss an das Konzert bestimmt einige neue Fans dazugewonnen\u2026<br>Gerne auf ein Wiedersehen!<\/p>\n<\/div>\n<\/div>\n\n\n\n<div class=\"wp-block-columns is-layout-flex wp-container-core-columns-is-layout-28f84493 wp-block-columns-is-layout-flex\">\n<div class=\"wp-block-column is-layout-flow wp-block-column-is-layout-flow\" style=\"flex-basis:33.33%\">\n<h3 class=\"wp-block-heading has-text-align-center\">16.05.2021<\/h3>\n\n\n\n<h2 class=\"wp-block-heading has-text-align-center\">Duo Rythmosis &amp; Christophe Sturzenegger<\/h2>\n<\/div>\n\n\n\n<div class=\"wp-block-column is-layout-flow wp-block-column-is-layout-flow\" style=\"flex-basis:66.66%\">\nngg_shortcode_9_placeholder\n\n\n\n<p>La saison anniversaire du Cantorama a enfin pu d\u00e9buter. Les quatre premiers concerts pr\u00e9vus dans notre programme ont d\u00fb \u00eatre annul\u00e9s et ce concert a \u00e9t\u00e9 organis\u00e9 en peu de temps.<br>Quel plaisir d\u2019accueillir le <strong>Duo Rythmosis<\/strong> ! <strong>Hanspeter Oggier<\/strong>, virtuose de la fl\u00fbte de Pan, et <strong>Mathieu Rouqui\u00e9<\/strong> au violoncelle ont enthousiasm\u00e9 les auditeurs avec Bach, Schubert ou Debussy, mais aussi avec des musiques de Goldfinger ou du Dr No. Un duo atypique o\u00f9 le violoncelle a tellement bien assum\u00e9 le rythme et l\u2019harmonie qu\u2019on aurait dit plusieurs instruments.<br>Le pianiste <strong>Christophe Sturzenegger<\/strong> a jou\u00e9 des \u0153uvres m\u00e9connues pour piano de Richard Strauss. Tendresse, r\u00eaverie, \u00e9nergie, enthousiasme \u2026 Quel r\u00e9gal ! Autant de sensations que l\u2019on peut retrouver sur le CD enregistr\u00e9 par le musicien genevois pendant le confinement.<br>Les trois musiciens se sont r\u00e9unis pour terminer et ont interpr\u00e9t\u00e9 deux \u0153uvres. Le public a \u00e9t\u00e9 ravi, les musiciens ont retrouv\u00e9 la sc\u00e8ne et les organisateurs avaient le sourire, \u2026 sous le masque \u2026<\/p>\n<\/div>\n<\/div>\n","protected":false},"excerpt":{"rendered":"<p>Konzertgalerie &#8211; 2021 &#8211; Galerie des concerts < Zur\u00fcck zur Auswahlseite< Retour \u00e0 la page de s\u00e9lection 30.12.2021 Perles Baroques [&hellip;]\n<\/p>\n","protected":false},"author":3,"featured_media":0,"parent":48,"menu_order":20072021,"comment_status":"closed","ping_status":"closed","template":"","meta":{"site-sidebar-layout":"default","site-content-layout":"","ast-site-content-layout":"","site-content-style":"default","site-sidebar-style":"default","ast-global-header-display":"","ast-banner-title-visibility":"","ast-main-header-display":"","ast-hfb-above-header-display":"","ast-hfb-below-header-display":"","ast-hfb-mobile-header-display":"","site-post-title":"disabled","ast-breadcrumbs-content":"","ast-featured-img":"","footer-sml-layout":"","theme-transparent-header-meta":"","adv-header-id-meta":"","stick-header-meta":"","header-above-stick-meta":"","header-main-stick-meta":"","header-below-stick-meta":"","astra-migrate-meta-layouts":"default","ast-page-background-enabled":"default","ast-page-background-meta":{"desktop":{"background-color":"var(--ast-global-color-4)","background-image":"","background-repeat":"repeat","background-position":"center center","background-size":"auto","background-attachment":"scroll","background-type":"","background-media":"","overlay-type":"","overlay-color":"","overlay-opacity":"","overlay-gradient":""},"tablet":{"background-color":"","background-image":"","background-repeat":"repeat","background-position":"center center","background-size":"auto","background-attachment":"scroll","background-type":"","background-media":"","overlay-type":"","overlay-color":"","overlay-opacity":"","overlay-gradient":""},"mobile":{"background-color":"","background-image":"","background-repeat":"repeat","background-position":"center center","background-size":"auto","background-attachment":"scroll","background-type":"","background-media":"","overlay-type":"","overlay-color":"","overlay-opacity":"","overlay-gradient":""}},"ast-content-background-meta":{"desktop":{"background-color":"var(--ast-global-color-5)","background-image":"","background-repeat":"repeat","background-position":"center center","background-size":"auto","background-attachment":"scroll","background-type":"","background-media":"","overlay-type":"","overlay-color":"","overlay-opacity":"","overlay-gradient":""},"tablet":{"background-color":"var(--ast-global-color-5)","background-image":"","background-repeat":"repeat","background-position":"center center","background-size":"auto","background-attachment":"scroll","background-type":"","background-media":"","overlay-type":"","overlay-color":"","overlay-opacity":"","overlay-gradient":""},"mobile":{"background-color":"var(--ast-global-color-5)","background-image":"","background-repeat":"repeat","background-position":"center center","background-size":"auto","background-attachment":"scroll","background-type":"","background-media":"","overlay-type":"","overlay-color":"","overlay-opacity":"","overlay-gradient":""}},"ngg_post_thumbnail":0,"footnotes":""},"class_list":["post-2184","page","type-page","status-publish","hentry"],"featured_image_src":null,"publishpress_future_action":{"enabled":false,"date":"2026-05-03 11:22:40","action":"change-status","newStatus":"draft","terms":[],"taxonomy":"language","extraData":[]},"publishpress_future_workflow_manual_trigger":{"enabledWorkflows":[]},"_links":{"self":[{"href":"https:\/\/www.cantorama.ch\/fr\/wp-json\/wp\/v2\/pages\/2184","targetHints":{"allow":["GET"]}}],"collection":[{"href":"https:\/\/www.cantorama.ch\/fr\/wp-json\/wp\/v2\/pages"}],"about":[{"href":"https:\/\/www.cantorama.ch\/fr\/wp-json\/wp\/v2\/types\/page"}],"author":[{"embeddable":true,"href":"https:\/\/www.cantorama.ch\/fr\/wp-json\/wp\/v2\/users\/3"}],"replies":[{"embeddable":true,"href":"https:\/\/www.cantorama.ch\/fr\/wp-json\/wp\/v2\/comments?post=2184"}],"version-history":[{"count":0,"href":"https:\/\/www.cantorama.ch\/fr\/wp-json\/wp\/v2\/pages\/2184\/revisions"}],"up":[{"embeddable":true,"href":"https:\/\/www.cantorama.ch\/fr\/wp-json\/wp\/v2\/pages\/48"}],"wp:attachment":[{"href":"https:\/\/www.cantorama.ch\/fr\/wp-json\/wp\/v2\/media?parent=2184"}],"curies":[{"name":"wp","href":"https:\/\/api.w.org\/{rel}","templated":true}]}}