{"id":2020,"date":"2025-04-19T13:50:03","date_gmt":"2025-04-19T11:50:03","guid":{"rendered":"https:\/\/www.cantorama.ch\/?page_id=2020"},"modified":"2026-01-05T08:27:10","modified_gmt":"2026-01-05T07:27:10","slug":"galerie-2025","status":"publish","type":"page","link":"https:\/\/www.cantorama.ch\/fr\/veranstaltungen-tickets\/galerie-2025\/","title":{"rendered":"Galerie 2025"},"content":{"rendered":"\n<h1 class=\"wp-block-heading has-text-align-center\" id=\"0-konzertgalerie-2025-galerie-des-concerts\">Konzertgalerie &#8211; 2025 &#8211; Galerie des concerts<\/h1>\n\n\n\n<a href=\"javascript:history.back()\">< Zur\u00fcck zur Auswahlseite<br>< Retour \u00e0 la page de s\u00e9lection<\/a>\n\n\n\n<div class=\"wp-block-columns is-layout-flex wp-container-core-columns-is-layout-28f84493 wp-block-columns-is-layout-flex\">\n<div class=\"wp-block-column is-layout-flow wp-block-column-is-layout-flow\" style=\"flex-basis:33.33%\">\n<h3 class=\"wp-block-heading has-text-align-center\" id=\"1-18042025\">18.04.2025<\/h3>\n\n\n\n<h2 class=\"wp-block-heading has-text-align-center\" id=\"2-la-cantil%C3%A8ne\">La Cantil\u00e8ne<\/h2>\n\n\n\n<h3 class=\"wp-block-heading has-text-align-center\" id=\"3-concert-du-vendredi-saint-karfreitagskonzert\">Concert du Vendredi Saint<br>Karfreitagskonzert<\/h3>\n<\/div>\n\n\n\n<div class=\"wp-block-column is-layout-flow wp-block-column-is-layout-flow\" style=\"flex-basis:66.66%\">\nngg_shortcode_0_placeholder\n\n\n\n<p>La saison musicale du Cantorama a magnifiquement commenc\u00e9 en ce Vendredi Saint. Nous avons accueilli l\u2019<strong>Ensemble Vocal La Cantil\u00e8ne de Fribourg<\/strong>. Ce ch\u0153ur d\u2019une trentaine de membres a d\u2019embl\u00e9e enthousiasm\u00e9 les auditeurs venus en nombre. Les quelques \u0153uvres chorales de la premi\u00e8re partie ont d\u00e9voil\u00e9 les qualit\u00e9s du ch\u0153ur et l\u2019originalit\u00e9 de l\u2019accompagnement de l\u2019accord\u00e9on ne fait pas regretter un positif.<br>La pi\u00e8ce de r\u00e9sistance de ce concert \u00e9tait <em>Les Sept Paroles du Christ sur la Croix<\/em> de C\u00e9sar Franck. Une \u0153uvre \u00e9mouvante, pleine d\u2019\u00e9motions que les trois solistes, <strong>Sophia Ianni<\/strong>, soprano, <strong>Jonathan Spicher<\/strong>, t\u00e9nor et <strong>Fabrice Hayoz<\/strong>, baryton, ont r\u00e9ussi \u00e0 transmettre. Il faut dire que l\u2019accompagnement subtil des trois instrumentistes, <strong>Christel Sautaux<\/strong> \u00e0 l\u2019accord\u00e9on, <strong>Edm\u00e9e-Angeline Sansonnens<\/strong> \u00e0 la harpe et <strong>S\u00e9bastien Breguet<\/strong> au violoncelle, y est aussi pour quelque chose.<br>Mais, ce programme, toutes ces qualit\u00e9s vocales, tous ces moments remarquables de musique et de ferveur, nous les devons \u00e0 <strong>Jean-Luc Waeber<\/strong>, un directeur qui a su transmettre aux interpr\u00e8tes sa passion pour la belle musique. Et le public l\u2019a bien ressenti.<br>La saison musicale 2025 a magnifiquement commenc\u00e9.<\/p>\n\n\n\n<div class=\"wp-block-columns is-layout-flex wp-container-core-columns-is-layout-28f84493 wp-block-columns-is-layout-flex\">\n<div class=\"wp-block-column is-layout-flow wp-block-column-is-layout-flow\">\n<figure class=\"wp-block-video\"><video controls src=\"https:\/\/www.cantorama.ch\/wp-content\/videos\/Ensemble_Vocal_La_Cantilene_1.MP4\"><\/video><\/figure>\n\n\n\n<p class=\"has-text-align-center\">Les Sept Paroles du Christ en Croix<br>C\u00e9sar FRANCK<br>(6\u00e8me parole &#8211; Consommatum est)<\/p>\n<\/div>\n\n\n\n<div class=\"wp-block-column is-layout-flow wp-block-column-is-layout-flow\">\n<figure class=\"wp-block-video\"><video controls src=\"https:\/\/www.cantorama.ch\/wp-content\/videos\/Ensemble_Vocal_La_Cantilene_2.MP4\"><\/video><\/figure>\n\n\n\n<p class=\"has-text-align-center\">Les Sept Paroles du Christ en Croix<br>C\u00e9sar FRANCK<br>(7\u00e8me parole &#8211; Pater in manus tuas commendo spiritum meum)<\/p>\n<\/div>\n\n\n\n<div class=\"wp-block-column is-layout-flow wp-block-column-is-layout-flow\"><\/div>\n<\/div>\n<\/div>\n<\/div>\n\n\n\n<div class=\"wp-block-columns is-layout-flex wp-container-core-columns-is-layout-28f84493 wp-block-columns-is-layout-flex\">\n<div class=\"wp-block-column is-layout-flow wp-block-column-is-layout-flow\" style=\"flex-basis:33.33%\">\n<h3 class=\"wp-block-heading has-text-align-center\" id=\"4-18052025\">18.05.2025<\/h3>\n\n\n\n<h2 class=\"wp-block-heading has-text-align-center\" id=\"5-boys-choir-lucerne\">Boys Choir Lucerne<\/h2>\n\n\n\n<h3 class=\"wp-block-heading has-text-align-center\" id=\"6-musikalische-darbietungen-auf-hohem-niveau\">Musikalische Darbietungen auf hohem Niveau.<\/h3>\n<\/div>\n\n\n\n<div class=\"wp-block-column is-layout-flow wp-block-column-is-layout-flow\" style=\"flex-basis:66.66%\">\nngg_shortcode_1_placeholder\n\n\n\n<p>Am Sonntag 18. Mai 2025 beehrte die Formation \u00ab<strong>Boys Choir Lucerne<\/strong>\u00bb das Cantorama mit ihrem grossartigen Konzert. Bereits im Vorfeld konnte man ahnen, dass es etwas Aussergew\u00f6hnliches sein werde. Der aus der Stadt und der Region Luzern stammende Chor besteht aus rund 25 ambitionierten und hervorragend ausgebildeten Jungen. Bereits mit 7 Jahren erhalten die S\u00e4nger Einzelstimmbildung.<br>Das vorgetragene Programm bestand aus der vollen Bandbreite, vom Alt-Klassischen bis zu den heute bestbekannten Melodien. Die Vortr\u00e4ge gruppierten sich in \u00abVolkst\u00fcmlich\u00bb, \u00abPower of the Music\u00bb, \u00abFrottolen aus dem 16. Jahrhundert\u00bb, \u00abZum Schwelgen\u00bb und schliesslich noch \u00abTierisches\u00bb mit dem Best of the \u00abJungle Book\u00bb. Unglaubliche Perfektion, gepaart mit hochstehenden Stimmen, sowie aussergew\u00f6hnlich sch\u00f6nen und ausgefeilten Choreografien nahmen das interessierte Publikum voll in den Bann. Die meisterhafte Klavierbegleitung durch <strong>Georg Cornwell<\/strong> war ebenfalls ein Genuss. Als grossartiger Pianist mit umfassender Erfahrung auf den B\u00fchnen der Welt verstand er es, den Chor feinf\u00fchlig und hochprofessionell zu begleiten. Der Dirigent <strong>Andreas Wiedmer<\/strong>, Dozent f\u00fcr Musikp\u00e4dagogik und chorische Musikausbildung, hat mit langj\u00e4hrigem, professionellem und immensem Engagement f\u00fcr Jugend und Musik, dem Cantorama Jaun ein hochstehendes und erstklassiges Konzert dargeboten. Das Publikum bedankte sich mit kaum endendem Applaus.<\/p>\n\n\n\n<div class=\"wp-block-columns is-layout-flex wp-container-core-columns-is-layout-28f84493 wp-block-columns-is-layout-flex\">\n<div class=\"wp-block-column is-layout-flow wp-block-column-is-layout-flow\">\n<figure class=\"wp-block-video\"><video controls src=\"https:\/\/www.cantorama.ch\/wp-content\/videos\/Boys_Choir_Lucerne_1.MP4\"><\/video><\/figure>\n\n\n\n<p class=\"has-text-align-center\">\u00ab\u00a0Irgendwo auf der Welt\u00a0\u00bb<\/p>\n<\/div>\n\n\n\n<div class=\"wp-block-column is-layout-flow wp-block-column-is-layout-flow\">\n<figure class=\"wp-block-video\"><video controls src=\"https:\/\/www.cantorama.ch\/wp-content\/videos\/Boys_Choir_Lucerne_2.MP4\"><\/video><\/figure>\n\n\n\n<p class=\"has-text-align-center\">\u00ab\u00a0Wenn die Elisabeth\u00a0\u00bb<\/p>\n<\/div>\n\n\n\n<div class=\"wp-block-column is-layout-flow wp-block-column-is-layout-flow\">\n<figure class=\"wp-block-video\"><video controls src=\"https:\/\/www.cantorama.ch\/wp-content\/videos\/Boys_Choir_Lucerne_3.MP4\"><\/video><\/figure>\n\n\n\n<p class=\"has-text-align-center\">Best of the \u00ab\u00a0Jungle Book\u00a0\u00bb<\/p>\n<\/div>\n<\/div>\n<\/div>\n<\/div>\n\n\n\n<div class=\"wp-block-columns is-layout-flex wp-container-core-columns-is-layout-28f84493 wp-block-columns-is-layout-flex\">\n<div class=\"wp-block-column is-layout-flow wp-block-column-is-layout-flow\" style=\"flex-basis:33.33%\">\n<h3 class=\"wp-block-heading has-text-align-center\" id=\"7-08062025\">08.06.2025<\/h3>\n\n\n\n<h2 class=\"wp-block-heading has-text-align-center\" id=\"8-ensemble-pleine-lune\">Ensemble Pleine Lune<\/h2>\n\n\n\n<h3 class=\"wp-block-heading has-text-align-center\" id=\"9-fusion-rock-jazz-classique\">Fusion rock, jazz, classique<\/h3>\n<\/div>\n\n\n\n<div class=\"wp-block-column is-layout-flow wp-block-column-is-layout-flow\" style=\"flex-basis:66.66%\">\nngg_shortcode_2_placeholder\n\n\n\n<p>Il n\u2019est pas habituel, au Cantorama, d\u2019accueillir un ensemble comme Pleine Lune. C\u2019\u00e9tait un pari et le pari est r\u00e9ussi.<br>\u00abMes musiciens sont absolument incroyables et sont capables de s\u2019adapter au lieu. Si notre musique para\u00eet trop \u00ab\u00a0rock\u00a0\u00bb pour une \u00e9glise, nous pouvons sans souci adoucir notre r\u00e9pertoire.\u00bb<br><strong>Sabrina Morand<\/strong> avait raison et, avec son violon, elle a conquis le public par ses interpr\u00e9tations modernes et classiques en m\u00eame temps. La guitare de <strong>Steve Fragni\u00e8re<\/strong> a \u00e9t\u00e9 remarquable dans des improvisations de haut niveau et des couleurs incroyables. On peut aussi dire la m\u00eame chose de la guitare basse de <strong>Romain Gachet<\/strong> qui a soutenu l\u2019ensemble par des sonorit\u00e9s pleines, chaleureuses, mais empreintes de finesse. <strong>Yvan Braillard<\/strong> a eu une pr\u00e9sence discr\u00e8te, mais n\u00e9cessaire avec son cymbalum et quelques percussions que seules ses mains ont fait r\u00e9sonner.<br>Le concert \u00e9tait constitu\u00e9 de plusieurs tableaux, comme <em>Tango berceuse<\/em>, <em>L\u2019Orage<\/em> avec de violents \u00e9clairs ou <em>La Lune<\/em>, des tableaux sonores emplis de finesse, de d\u00e9licatesse et de \u2026 virtuosit\u00e9.<br>Merci pour cette belle d\u00e9couverte qui a permis \u00e0 de nouveaux auditeurs de d\u00e9couvrir le Cantorama.<\/p>\n\n\n\n<div class=\"wp-block-columns is-layout-flex wp-container-core-columns-is-layout-28f84493 wp-block-columns-is-layout-flex\">\n<div class=\"wp-block-column is-layout-flow wp-block-column-is-layout-flow\">\n<figure class=\"wp-block-video\"><video controls src=\"https:\/\/www.cantorama.ch\/wp-content\/videos\/Ensemble_Plein_Lune.MP4\"><\/video><\/figure>\n<\/div>\n\n\n\n<div class=\"wp-block-column is-layout-flow wp-block-column-is-layout-flow\"><\/div>\n\n\n\n<div class=\"wp-block-column is-layout-flow wp-block-column-is-layout-flow\"><\/div>\n<\/div>\n<\/div>\n<\/div>\n\n\n\n<div class=\"wp-block-columns is-layout-flex wp-container-core-columns-is-layout-28f84493 wp-block-columns-is-layout-flex\">\n<div class=\"wp-block-column is-layout-flow wp-block-column-is-layout-flow\" style=\"flex-basis:33.33%\">\n<h3 class=\"wp-block-heading has-text-align-center\" id=\"10-05072025\">05.07.2025<\/h3>\n\n\n\n<h2 class=\"wp-block-heading has-text-align-center\" id=\"11-laur%C3%A9ates-de-lhemu\">Laur\u00e9ates de l&rsquo;HEMU<\/h2>\n\n\n\n<h3 class=\"wp-block-heading has-text-align-center\" id=\"12-eudoxie-mottironi-elizaveta-lobanova\">Eudoxie Mottironi<br>Elizaveta Lobanova<\/h3>\n<\/div>\n\n\n\n<div class=\"wp-block-column is-layout-flow wp-block-column-is-layout-flow\" style=\"flex-basis:66.66%\">\nngg_shortcode_3_placeholder\n\n\n\n<p>Comme ces deux derni\u00e8res ann\u00e9es, nous avons accueilli les laur\u00e9ates du Prix Cantorama que la Commission de musique a offert \u00e0 <strong>Eudoxie Mottironi<\/strong>, mezzo-soprano, et \u00e0 <strong>Elizaveta Lobanova<\/strong>, organiste, lors du Palmar\u00e8s 2024 de l\u2019HEMU VD VS FR.<br>C\u2019\u00e9tait une nouvelle occasion d\u2019entendre l\u2019orgue historique du Cantorama et nous n\u2019avons pas \u00e9t\u00e9 d\u00e9\u00e7us. Elizaveta Lobanova a r\u00e9ussi \u00e0 tirer de cet instrument des sonorit\u00e9s insoup\u00e7onn\u00e9es. D\u00e8s le d\u00e9but, les deux notes du coucou de Johann Kasparov Kerll ont \u00e9veill\u00e9 l\u2019int\u00e9r\u00eat des auditeurs et, par la suite, l\u2019organiste a d\u00e9clench\u00e9 des applaudissements nourris avec des \u0153uvres de Mozart, Sweelink ou Frescobaldi.<br>Ses accompagnements, empreints de finesse et de virtuosit\u00e9, ont mis en valeur les m\u00e9lodies interpr\u00e9t\u00e9es par Eudoxie Mottironi. Nous avons appr\u00e9ci\u00e9 la magnifique voix de la mezzo-soprano dans des \u0153uvres de Haendel, Poulenc ou Faur\u00e9, sans oublier l\u2019<em>Ave Maria<\/em> de Mel Bonis ou <em>Ma premi\u00e8re lettre<\/em> de C\u00e9cile Chaminade. Pour terminer, les deux pi\u00e8ces de Kurt Weill ont enthousiasm\u00e9 les auditeurs qui ont encore eu le plaisir d\u2019entendre un bis, <em>La Habanera<\/em> de Bizet avec \u2026 accompagnement d\u2019orgue.<br>A la fin du concert, les deux musiciennes sont descendues de la tribune pour saluer le public. C\u2019est \u00e0 ce moment-l\u00e0 qu\u2019elles ont re\u00e7u la partie \u00ab tangible \u00bb du Prix Cantorama.<\/p>\n\n\n\n<div class=\"wp-block-columns is-layout-flex wp-container-core-columns-is-layout-28f84493 wp-block-columns-is-layout-flex\">\n<div class=\"wp-block-column is-layout-flow wp-block-column-is-layout-flow\">\n<figure class=\"wp-block-video\"><video controls src=\"https:\/\/www.cantorama.ch\/wp-content\/videos\/Mottironi-Lobanova_p2.MP4\"><\/video><\/figure>\n\n\n\n<p class=\"has-text-align-center\">Unter den Linden gr\u00fcne<br>Priez pour paix<br>Apr\u00e8s un r\u00eave<br>Romance<\/p>\n<\/div>\n\n\n\n<div class=\"wp-block-column is-layout-flow wp-block-column-is-layout-flow\">\n<figure class=\"wp-block-video\"><video controls src=\"https:\/\/www.cantorama.ch\/wp-content\/videos\/Mottironi-Lobanova_p3a.MP4\"><\/video><\/figure>\n\n\n\n<p class=\"has-text-align-center\">Andante f\u00fcr eine Orgelwalze, KV 616<\/p>\n<\/div>\n\n\n\n<div class=\"wp-block-column is-layout-flow wp-block-column-is-layout-flow\">\n<figure class=\"wp-block-video\"><video controls src=\"https:\/\/www.cantorama.ch\/wp-content\/videos\/Mottironi-Lobanova_p3b.MP4\"><\/video><\/figure>\n\n\n\n<p class=\"has-text-align-center\">Sure on this shining night<br>Tu es tellement aim\u00e9<br>Ma premi\u00e8re lettre<\/p>\n<\/div>\n\n\n\n<div class=\"wp-block-column is-layout-flow wp-block-column-is-layout-flow\">\n<figure class=\"wp-block-video\"><video controls src=\"https:\/\/www.cantorama.ch\/wp-content\/videos\/Mottironi-Lobanova_p5b.MP4\"><\/video><\/figure>\n\n\n\n<p class=\"has-text-align-center\">La Habanera<\/p>\n<\/div>\n<\/div>\n<\/div>\n<\/div>\n\n\n\n<div class=\"wp-block-columns is-layout-flex wp-container-core-columns-is-layout-28f84493 wp-block-columns-is-layout-flex\">\n<div class=\"wp-block-column is-layout-flow wp-block-column-is-layout-flow\" style=\"flex-basis:33.33%\">\n<h3 class=\"wp-block-heading has-text-align-center\" id=\"13-22082025\">22.08.2025<\/h3>\n\n\n\n<h2 class=\"wp-block-heading has-text-align-center\" id=\"14-concerts-rfi\">Concerts RFI<\/h2>\n\n\n\n<h3 class=\"wp-block-heading has-text-align-center\" id=\"15-opaina-cultural-group-papouasie-ensemble-folklorique-fs-zempl%C3%ADn-slovaquie\"><em>Opaina Cultural Group<\/em> &#8211; Papouasie<br>Ensemble folklorique <em>FS Zempl\u00edn<\/em> &#8211; Slovaquie<\/h3>\n<\/div>\n\n\n\n<div class=\"wp-block-column is-layout-flow wp-block-column-is-layout-flow\" style=\"flex-basis:66.66%\">\nngg_shortcode_4_placeholder\n\n\n\n<p>En cette ann\u00e9e 2025, les RFI f\u00eatent leur 50\u00e8me anniversaire et, pour l\u2019occasion, des groupes prestigieux ont \u00e9t\u00e9 invit\u00e9s. C\u2019est pourquoi, nous avons eu le plaisir d\u2019accueillir deux ensembles de grande qualit\u00e9.<br>D\u2019abord, l\u2019<em><strong>Opaina Cultural Group<\/strong><\/em>, qui vient de Papouasie, a interpr\u00e9t\u00e9 quelques chants traditionnels, accompagn\u00e9s de deux guitares, d\u2019une \u00ab contrebasse \u00bb avec une caisse de r\u00e9sonnance qui porte bien son nom et de quelques percussions (kundu).<br>Puis, l\u2019ensemble folklorique <em><strong>FS Zempl\u00edn<\/strong><\/em>, consid\u00e9r\u00e9 comme l\u2019un des meilleurs groupes de la Slovaquie et fond\u00e9 en 1957, ont enflamm\u00e9 le public par des danses dynamiques.<br>Apr\u00e8s une description d\u00e9taill\u00e9e de leur costume (plumes de perroquet, d\u2019aigle, de cacato\u00e8s \u00e0 huppe jaune, de martin-p\u00eacheur, et d\u2019oiseau du paradis), les Papous ont dans\u00e9, mais ce n\u2019\u00e9tait pas un show. Peu de sourires, mais des visages plut\u00f4t graves et s\u00e9rieux pour danser les rituels et les c\u00e9r\u00e9monies qui occupent une place centrale dans leur vie. Un moment fort de la soir\u00e9e.<br>Enfin, les musiciens de l\u2019orchestre slovaque, form\u00e9 de violons, d\u2019une clarinette, d\u2019un accord\u00e9on, d\u2019une contrebasse et d\u2019un cymbalum, ont fait preuve de virtuosit\u00e9 et ont s\u00e9duit les auditeurs. Ils ont aussi chant\u00e9, ils ont accompagn\u00e9 le groupe de cinq chanteuses \u00e0 la voix puissante. Pour terminer, les danseuses et les danseurs sont revenus sur sc\u00e8ne pour un final complet : musique, chant et danse.<br>Un beau spectacle pour un bel anniversaire.<\/p>\n\n\n\n<div class=\"wp-block-columns is-layout-flex wp-container-core-columns-is-layout-28f84493 wp-block-columns-is-layout-flex\">\n<div class=\"wp-block-column is-layout-flow wp-block-column-is-layout-flow\">\n<figure class=\"wp-block-video\"><video controls src=\"https:\/\/www.cantorama.ch\/wp-content\/videos\/C5_RFI_Video1.MP4\"><\/video><\/figure>\n<\/div>\n\n\n\n<div class=\"wp-block-column is-layout-flow wp-block-column-is-layout-flow\">\n<figure class=\"wp-block-video\"><video controls src=\"https:\/\/www.cantorama.ch\/wp-content\/videos\/C5_RFI_Video2.MP4\"><\/video><\/figure>\n<\/div>\n\n\n\n<div class=\"wp-block-column is-layout-flow wp-block-column-is-layout-flow\"><\/div>\n\n\n\n<div class=\"wp-block-column is-layout-flow wp-block-column-is-layout-flow\"><\/div>\n<\/div>\n\n\n\n<div class=\"wp-block-columns is-layout-flex wp-container-core-columns-is-layout-28f84493 wp-block-columns-is-layout-flex\">\n<div class=\"wp-block-column is-layout-flow wp-block-column-is-layout-flow\">\n<figure class=\"wp-block-video\"><video controls src=\"https:\/\/www.cantorama.ch\/wp-content\/videos\/C5_RFI_Video3.MP4\"><\/video><\/figure>\n<\/div>\n\n\n\n<div class=\"wp-block-column is-layout-flow wp-block-column-is-layout-flow\">\n<figure class=\"wp-block-video\"><video controls src=\"https:\/\/www.cantorama.ch\/wp-content\/videos\/C5_RFI_Video4.MP4\"><\/video><\/figure>\n<\/div>\n\n\n\n<div class=\"wp-block-column is-layout-flow wp-block-column-is-layout-flow\">\n<figure class=\"wp-block-video\"><video controls src=\"https:\/\/www.cantorama.ch\/wp-content\/videos\/C5_RFI_Video5.MP4\"><\/video><\/figure>\n<\/div>\n\n\n\n<div class=\"wp-block-column is-layout-flow wp-block-column-is-layout-flow\">\n<figure class=\"wp-block-video\"><video controls src=\"https:\/\/www.cantorama.ch\/wp-content\/videos\/C5_RFI_Video6.MP4\"><\/video><\/figure>\n<\/div>\n<\/div>\n<\/div>\n<\/div>\n\n\n\n<div class=\"wp-block-columns is-layout-flex wp-container-core-columns-is-layout-28f84493 wp-block-columns-is-layout-flex\">\n<div class=\"wp-block-column is-layout-flow wp-block-column-is-layout-flow\" style=\"flex-basis:33.33%\">\n<h3 class=\"wp-block-heading has-text-align-center\" id=\"16-13092025\">13.09.2025<\/h3>\n\n\n\n<h2 class=\"wp-block-heading has-text-align-center\" id=\"17-concert-du-bilinguisme\">Concert du bilinguisme<\/h2>\n\n\n\n<h3 class=\"wp-block-heading has-text-align-center\" id=\"18-l%C3%A8-riond%C3%AAn%C3%A8-broc-gemischter-chor-rechthalten\">L\u00e8 Riond\u00ean\u00e8 &#8211; Broc<br>Gemischter Chor &#8211; Rechthalten<\/h3>\n<\/div>\n\n\n\n<div class=\"wp-block-column is-layout-flow wp-block-column-is-layout-flow\" style=\"flex-basis:66.66%\">\nngg_shortcode_5_placeholder\n\n\n\n<p>Un concert du bilinguisme rapproche deux langues, mais aussi deux cultures ou deux genres de musique. Apr\u00e8s une premi\u00e8re partie religieuse du <strong><em>Gemischter Chor<\/em><\/strong> de Rechthalten et <em><strong>L\u00e8 Riond\u00ean\u00e8<\/strong><\/em> de Broc nous ont charm\u00e9s avec des m\u00e9lodies plus populaires. En effet, ce ch\u0153ur bien \u00e9toff\u00e9, nous a interpr\u00e9t\u00e9 quelques chansons fran\u00e7aises harmonis\u00e9es et des m\u00e9lodies plus r\u00e9gionales. Il faut relever <em>L\u00e8 j\u2019aloni\u00e8 (Les noisettes)<\/em> de Joseph Bovet ou <em>Images<\/em> de Jean Mamie avec la pr\u00e9sidente V\u00e9ronique Aeby comme soliste. La d\u00e9licate et ravissante m\u00e9lodie <em>La sera sper il lag<\/em>, en romanche, a apport\u00e9 une note un peu plus m\u00e9lancolique. Ce concert a \u00e9t\u00e9 aussi l\u2019occasion pour les membres du ch\u0153ur de prendre cong\u00e9 de Jean-Daniel Scyboz, leur directeur depuis 23 ans ! L\u2019occasion pour lui d\u2019interpr\u00e9ter la partie de soliste de <em>Les Vieux<\/em> de Michel Ducarroz.<br>La soir\u00e9e s\u2019est poursuivie par un ap\u00e9ritif bien sympathique.<\/p>\n<\/div>\n<\/div>\n\n\n\n<div class=\"wp-block-columns is-layout-flex wp-container-core-columns-is-layout-28f84493 wp-block-columns-is-layout-flex\">\n<div class=\"wp-block-column is-layout-flow wp-block-column-is-layout-flow\" style=\"flex-basis:33.33%\">\n<h3 class=\"wp-block-heading has-text-align-center\" id=\"19-5102025\">5.10.2025<\/h3>\n\n\n\n<h2 class=\"wp-block-heading has-text-align-center\" id=\"20-ensemble-mnemusik\">Ensemble Mnemusik<\/h2>\n\n\n\n<h3 class=\"wp-block-heading has-text-align-center\" id=\"21-raissa-cerqueira-soprano-daniel-de-morais-guitare-mich%C3%A8le-claude-percussion-pascale-cl%C3%A9ment-violoncelle-\">Raissa Cerqueira &#8211; soprano<br>Daniel de Morais &#8211; guitare<br>Mich\u00e8le Claude &#8211; percussion<br>Pascale Cl\u00e9ment &#8211; violoncelle <\/h3>\n<\/div>\n\n\n\n<div class=\"wp-block-column is-layout-flow wp-block-column-is-layout-flow\" style=\"flex-basis:66.66%\">\nngg_shortcode_6_placeholder\n\n\n\n<p>L\u2019<strong><em>Ensemble Mnemusik<\/em><\/strong> s\u2019est inspir\u00e9 du nom Mn\u00e9mosyne, d\u00e9esse de la m\u00e9moire et m\u00e8re des muses dans la mythologie grecque, pour nous interpr\u00e9ter et nous rappeler des musiques anciennes. Et surtout des musiques de Giovanni Felice Sances (~1600-1679), compositeur italien n\u00e9 \u00e0 Rome.<br>La soprano Rhaissa Cerqueira a rapidement conquis le public. D\u2019abord en pr\u00e9sentant d\u2019une voix claire et agr\u00e9able chaque pi\u00e8ce en fran\u00e7ais, puis, en chantant de mani\u00e8re \u00e9mouvante les diff\u00e9rentes facettes de l\u2019amour. Pascale Cle\u0301ment et sa viole de gambe ont toujours \u00e9t\u00e9 pr\u00e9sentes, discr\u00e8tement, mais avec virtuosit\u00e9, tandis que l\u2019accompagnement de Daniel de Morais au th\u00e9orbe a apport\u00e9 une base solide et chaleureuse \u00e0 l\u2019ensemble. Enfin, Miche\u0300le Claude, psalte\u0301rion et percussions, a compl\u00e9t\u00e9 le tout par des rythmes vari\u00e9s et quelques notes d\u2019humour.<br>Le programme a \u00e9t\u00e9 enrichi par des m\u00e9lodies instrumentales de Bartolom\u00e9 de Selma (~1595-1638) et de Giovanni Kapsperger (~1580-1651). L\u2019occasion pour les instrumentistes de se mettre en \u00e9vidence.<br>Un concert de grande qualit\u00e9. Un moment de gr\u00e2ce. Merci.<\/p>\n\n\n\n<div class=\"wp-block-columns is-layout-flex wp-container-core-columns-is-layout-28f84493 wp-block-columns-is-layout-flex\">\n<div class=\"wp-block-column is-layout-flow wp-block-column-is-layout-flow\">\n<figure class=\"wp-block-video\"><video controls src=\"https:\/\/www.cantorama.ch\/wp-content\/videos\/c7_video1.mp4\"><\/video><\/figure>\n<\/div>\n\n\n\n<div class=\"wp-block-column is-layout-flow wp-block-column-is-layout-flow\"><\/div>\n\n\n\n<div class=\"wp-block-column is-layout-flow wp-block-column-is-layout-flow\"><\/div>\n<\/div>\n<\/div>\n<\/div>\n\n\n\n<div class=\"wp-block-columns is-layout-flex wp-container-core-columns-is-layout-28f84493 wp-block-columns-is-layout-flex\">\n<div class=\"wp-block-column is-layout-flow wp-block-column-is-layout-flow\" style=\"flex-basis:33.33%\">\n<h3 class=\"wp-block-heading has-text-align-center\" id=\"22-9112025\">9.11.2025<\/h3>\n\n\n\n<h2 class=\"wp-block-heading has-text-align-center\" id=\"23-klangw%C3%A4rch\">Klangw\u00e4rch<\/h2>\n\n\n\n<h3 class=\"wp-block-heading has-text-align-center\" id=\"24-dayana-pfammatter-gurten-maritta-lichtensteiger-madlaina-k%C3%BCng-marco-gurten-\">Dayana Pfammatter Gurten<br>Maritta Lichtensteiger<br>Madlaina K\u00fcng<br>Marco Gurten <\/h3>\n<\/div>\n\n\n\n<div class=\"wp-block-column is-layout-flow wp-block-column-is-layout-flow\" style=\"flex-basis:66.66%\">\nngg_shortcode_7_placeholder\n\n\n\n<p>Beim Konzert im Cantorama Jaun trat Dayana Pfammatter Gurten als Solistin, im Duett mit Maritta Lichtensteiger auf. Begleitet wurden sie von der Kontrabassistin Madlaina K\u00fcng und am Schwyzer\u00f6rgeli von Marco Gurten. Die beiden Instrumentalisten sind eine Teil-Besetzung aus dem \u00abMaster Rezital\u00bb Alpuluft, welches Dayana Pfammatter f\u00fcr ihr Masterdiplom komponiert hat.<br>Ein wunderbares, vielseitiges und hochstehendes Konzert, welches allen G\u00e4sten immer in sch\u00f6ner Erinnerung bleiben wird. <br>Herzlichen Dank!<\/p>\n\n\n\n<div class=\"wp-block-columns is-layout-flex wp-container-core-columns-is-layout-28f84493 wp-block-columns-is-layout-flex\">\n<div class=\"wp-block-column is-layout-flow wp-block-column-is-layout-flow\">\n<figure class=\"wp-block-video\"><video controls src=\"https:\/\/www.cantorama.ch\/wp-content\/videos\/C8_Klangwaerch_Video1.MP4\"><\/video><\/figure>\n<\/div>\n\n\n\n<div class=\"wp-block-column is-layout-flow wp-block-column-is-layout-flow\">\n<figure class=\"wp-block-video\"><video controls src=\"https:\/\/www.cantorama.ch\/wp-content\/videos\/C8_Klangwaerch_Video2.MP4\"><\/video><\/figure>\n<\/div>\n\n\n\n<div class=\"wp-block-column is-layout-flow wp-block-column-is-layout-flow\">\n<figure class=\"wp-block-video\"><video controls src=\"https:\/\/www.cantorama.ch\/wp-content\/videos\/C8_Klangwaerch_Video3.MP4\"><\/video><\/figure>\n<\/div>\n\n\n\n<div class=\"wp-block-column is-layout-flow wp-block-column-is-layout-flow\">\n<figure class=\"wp-block-video\"><video controls src=\"https:\/\/www.cantorama.ch\/wp-content\/videos\/C8_Klangwaerch_Video4.MP4\"><\/video><\/figure>\n<\/div>\n<\/div>\n\n\n\n<div class=\"wp-block-columns is-layout-flex wp-container-core-columns-is-layout-28f84493 wp-block-columns-is-layout-flex\">\n<div class=\"wp-block-column is-layout-flow wp-block-column-is-layout-flow\">\n<figure class=\"wp-block-video\"><video controls src=\"https:\/\/www.cantorama.ch\/wp-content\/videos\/C8_Klangwaerch_Video5.MP4\"><\/video><\/figure>\n<\/div>\n\n\n\n<div class=\"wp-block-column is-layout-flow wp-block-column-is-layout-flow\">\n<figure class=\"wp-block-video\"><video controls src=\"https:\/\/www.cantorama.ch\/wp-content\/videos\/C8_Klangwaerch_Video6.MP4\"><\/video><\/figure>\n<\/div>\n\n\n\n<div class=\"wp-block-column is-layout-flow wp-block-column-is-layout-flow\">\n<figure class=\"wp-block-video\"><video controls src=\"https:\/\/www.cantorama.ch\/wp-content\/videos\/C8_Klangwaerch_Video7.MP4\"><\/video><\/figure>\n<\/div>\n\n\n\n<div class=\"wp-block-column is-layout-flow wp-block-column-is-layout-flow\">\n<figure class=\"wp-block-video\"><video controls src=\"https:\/\/www.cantorama.ch\/wp-content\/videos\/C8_Klangwaerch_Video8.MP4\"><\/video><\/figure>\n<\/div>\n<\/div>\n<\/div>\n<\/div>\n\n\n\n<div class=\"wp-block-columns is-layout-flex wp-container-core-columns-is-layout-28f84493 wp-block-columns-is-layout-flex\">\n<div class=\"wp-block-column is-layout-flow wp-block-column-is-layout-flow\" style=\"flex-basis:33.33%\">\n<h3 class=\"wp-block-heading has-text-align-center\" id=\"25-14122025\">14.12.2025<\/h3>\n\n\n\n<h2 class=\"wp-block-heading has-text-align-center\" id=\"26-concert-de-no%C3%ABl\">La Ma\u00eetrise <br>St-Pierre-aux-Liens<br>de Bulle<\/h2>\n\n\n\n<h3 class=\"wp-block-heading has-text-align-center\" id=\"27-la-ma%C3%AEtrise-st-pierre-aux-liens-de-bulle\">Concert de No\u00ebl<\/h3>\n<\/div>\n\n\n\n<div class=\"wp-block-column is-layout-flow wp-block-column-is-layout-flow\" style=\"flex-basis:66.66%\">\nngg_shortcode_8_placeholder\n\n\n\n<p>Le concert de No\u00ebl est un moment fort dans le programme du Cantorama et le concert de cette ann\u00e9e n&rsquo;a pas d\u00e9rog\u00e9 \u00e0 la r\u00e8gle. En effet, la Ma\u00eetrise Saint-Pierre-aux-Liens de Bulle, sous la direction exigeante de Bernard Maillard, a enchant\u00e9 les nombreux auditeurs. Quel bonheur de voir ces jeunes, v\u00eatus de leur aube, monter vers le ch\u0153ur en chantant <em>Veni, veni Emmanuel<\/em>. Les voix sont fra\u00eeches et naturelles et elles rendent les unissons lumineux. Que ce soit <em>No\u00ebl en sucre d&rsquo;orge<\/em> de Pierre Carraz interpr\u00e9t\u00e9 par les plus grandes de la Ma\u00eetrise, que ce soit <em>La voici, la nuit de No\u00ebl<\/em> ou encore <em>Le No\u00ebl de Simon<\/em> \u00e0 plusieurs voix, le programme a \u00e9merveill\u00e9.<br>Un grand moment a \u00e9t\u00e9 le conte de No\u00ebl <em>Avec mes yeux<\/em>, dit de mani\u00e8re vivante par Estelle Terry. Ce texte a \u00e9t\u00e9 \u00e9crit par Jean-Fran\u00e7ois Haas et la musique des chants qui illustrent ce conte par Jean-Fran\u00e7ois Michel.<br>Nous avons encore eu le bonheur d&rsquo;entendre l&rsquo;orgue du Cantorama sous les doigts de Nathan Christe qui, par ailleurs, a accompagn\u00e9 d\u00e9licatement la plupart des chants de la Ma\u00eetrise. Pour le <em>No\u00ebl nouvelet<\/em>, Marie Murith s&rsquo;est assise au piano et l&rsquo;orgue lui a r\u00e9pondu \u2026 Et ce fut un autre grand moment du concert !<br>Apr\u00e8s un bis amusant, comme chaque ann\u00e9e, le chocolat, le th\u00e9 et le vin chaud ont eu un go\u00fbt de partage et de joie.<br>Joyeux No\u00ebl !<\/p>\n\n\n\n<div class=\"wp-block-columns is-layout-flex wp-container-core-columns-is-layout-28f84493 wp-block-columns-is-layout-flex\">\n<div class=\"wp-block-column is-layout-flow wp-block-column-is-layout-flow\">\n<figure class=\"wp-block-video\"><video controls src=\"https:\/\/www.cantorama.ch\/wp-content\/videos\/c9_video1.mp4\"><\/video><\/figure>\n<\/div>\n\n\n\n<div class=\"wp-block-column is-layout-flow wp-block-column-is-layout-flow\"><\/div>\n\n\n\n<div class=\"wp-block-column is-layout-flow wp-block-column-is-layout-flow\"><\/div>\n<\/div>\n<\/div>\n<\/div>\n\n\n\n<div class=\"wp-block-columns is-layout-flex wp-container-core-columns-is-layout-28f84493 wp-block-columns-is-layout-flex\">\n<div class=\"wp-block-column is-layout-flow wp-block-column-is-layout-flow\" style=\"flex-basis:33.33%\">\n<h3 class=\"wp-block-heading has-text-align-center\" id=\"28-30122025\">30.12.2025<\/h3>\n\n\n\n<h2 class=\"wp-block-heading has-text-align-center\" id=\"29-concert-du-nouvel-an\">Cuarteto Tango Indigo<\/h2>\n\n\n\n<h3 class=\"wp-block-heading has-text-align-center\" id=\"30-cuarteto-tango-indigo\">Concert du Nouvel An<\/h3>\n<\/div>\n\n\n\n<div class=\"wp-block-column is-layout-flow wp-block-column-is-layout-flow\" style=\"flex-basis:66.66%\">\nngg_shortcode_9_placeholder\n\n\n\n<p>Quand on dit <em>Concert du Nouvel An<\/em>, on pense <em>Vienne, valse, polka ou Strauss<\/em>. Le programme du Cantorama annon\u00e7ait pour le 30 d\u00e9cembre 2025 l&rsquo;Ensemble <strong>Cuarteto Tango Indigo<\/strong>. Cela supposait donc un voyage musical en Argentine. Pour un concert du Nouvel An, cela pouvait para\u00eetre bizarre et m\u00eame inqui\u00e9tant. Et pourtant quelle belle soir\u00e9e ! Le public a r\u00e9pondu pr\u00e9sent et a \u00e9t\u00e9 enthousiasm\u00e9 par une ambiance diff\u00e9rente, mais chaleureuse et festive. La virtuosit\u00e9 du pianiste compositeur <strong>Luis Semeniuk<\/strong>, la discr\u00e9tion et la musicalit\u00e9 de la violoniste <strong>Marie-Jeanne Sunier<\/strong> ont d&#8217;embl\u00e9e conquis les auditeurs. Mais sans le bandon\u00e9on remarquable de <strong>J\u00e9r\u00e9my Vannereau<\/strong>, \u00e9galement compositeur, il aurait manqu\u00e9 quelque chose au tango.<br>Il faut encore dire que la pr\u00e9sence de la clarinette basse pouvait \u00e9tonner, mais <strong>Matthias Ernst<\/strong> a exploit\u00e9 sa tessiture \u00e9tendue allant des sons profonds et sombres aux notes plus vives, en passant par un registre m\u00e9dium tr\u00e8s chantant, comme si on avait plusieurs instruments.<br>Enfin, la chanteuse <strong>Maria de la Paz<\/strong>, par sa voix envo\u00fbtante, sa sinc\u00e9rit\u00e9 musicale et son charisme a conquis le public.<br>Un concert du Nouvel An diff\u00e9rent, mais magnifique pour d\u00e9buter 2026 dans la joie.<\/p>\n\n\n\n<div class=\"wp-block-columns is-layout-flex wp-container-core-columns-is-layout-28f84493 wp-block-columns-is-layout-flex\">\n<div class=\"wp-block-column is-layout-flow wp-block-column-is-layout-flow\">\n<figure class=\"wp-block-video\"><video controls src=\"https:\/\/www.cantorama.ch\/wp-content\/videos\/2025-12-30 C10 Cuarteto Tango Indigo Video1.MP4\"><\/video><\/figure>\n<\/div>\n\n\n\n<div class=\"wp-block-column is-layout-flow wp-block-column-is-layout-flow\">\n<figure class=\"wp-block-video\"><video controls src=\"https:\/\/www.cantorama.ch\/wp-content\/videos\/2025-12-30 C10 Cuarteto Tango Indigo Video2.MP4\"><\/video><\/figure>\n<\/div>\n<\/div>\n<\/div>\n<\/div>\n\n\n\n<p><\/p>\n","protected":false},"excerpt":{"rendered":"<p>Konzertgalerie &#8211; 2025 &#8211; Galerie des concerts < Zur\u00fcck zur Auswahlseite< Retour \u00e0 la page de s\u00e9lection 18.04.2025 La Cantil\u00e8ne [&hellip;]\n<\/p>\n","protected":false},"author":3,"featured_media":0,"parent":48,"menu_order":20072025,"comment_status":"closed","ping_status":"closed","template":"","meta":{"site-sidebar-layout":"default","site-content-layout":"","ast-site-content-layout":"","site-content-style":"default","site-sidebar-style":"default","ast-global-header-display":"","ast-banner-title-visibility":"","ast-main-header-display":"","ast-hfb-above-header-display":"","ast-hfb-below-header-display":"","ast-hfb-mobile-header-display":"","site-post-title":"disabled","ast-breadcrumbs-content":"","ast-featured-img":"","footer-sml-layout":"","theme-transparent-header-meta":"","adv-header-id-meta":"","stick-header-meta":"","header-above-stick-meta":"","header-main-stick-meta":"","header-below-stick-meta":"","astra-migrate-meta-layouts":"default","ast-page-background-enabled":"default","ast-page-background-meta":{"desktop":{"background-color":"var(--ast-global-color-4)","background-image":"","background-repeat":"repeat","background-position":"center center","background-size":"auto","background-attachment":"scroll","background-type":"","background-media":"","overlay-type":"","overlay-color":"","overlay-opacity":"","overlay-gradient":""},"tablet":{"background-color":"","background-image":"","background-repeat":"repeat","background-position":"center center","background-size":"auto","background-attachment":"scroll","background-type":"","background-media":"","overlay-type":"","overlay-color":"","overlay-opacity":"","overlay-gradient":""},"mobile":{"background-color":"","background-image":"","background-repeat":"repeat","background-position":"center center","background-size":"auto","background-attachment":"scroll","background-type":"","background-media":"","overlay-type":"","overlay-color":"","overlay-opacity":"","overlay-gradient":""}},"ast-content-background-meta":{"desktop":{"background-color":"var(--ast-global-color-5)","background-image":"","background-repeat":"repeat","background-position":"center center","background-size":"auto","background-attachment":"scroll","background-type":"","background-media":"","overlay-type":"","overlay-color":"","overlay-opacity":"","overlay-gradient":""},"tablet":{"background-color":"var(--ast-global-color-5)","background-image":"","background-repeat":"repeat","background-position":"center center","background-size":"auto","background-attachment":"scroll","background-type":"","background-media":"","overlay-type":"","overlay-color":"","overlay-opacity":"","overlay-gradient":""},"mobile":{"background-color":"var(--ast-global-color-5)","background-image":"","background-repeat":"repeat","background-position":"center center","background-size":"auto","background-attachment":"scroll","background-type":"","background-media":"","overlay-type":"","overlay-color":"","overlay-opacity":"","overlay-gradient":""}},"ngg_post_thumbnail":0,"footnotes":""},"class_list":["post-2020","page","type-page","status-publish","hentry"],"featured_image_src":null,"publishpress_future_action":{"enabled":false,"date":"2026-04-30 03:55:14","action":"change-status","newStatus":"draft","terms":[],"taxonomy":"language","extraData":[]},"publishpress_future_workflow_manual_trigger":{"enabledWorkflows":[]},"_links":{"self":[{"href":"https:\/\/www.cantorama.ch\/fr\/wp-json\/wp\/v2\/pages\/2020","targetHints":{"allow":["GET"]}}],"collection":[{"href":"https:\/\/www.cantorama.ch\/fr\/wp-json\/wp\/v2\/pages"}],"about":[{"href":"https:\/\/www.cantorama.ch\/fr\/wp-json\/wp\/v2\/types\/page"}],"author":[{"embeddable":true,"href":"https:\/\/www.cantorama.ch\/fr\/wp-json\/wp\/v2\/users\/3"}],"replies":[{"embeddable":true,"href":"https:\/\/www.cantorama.ch\/fr\/wp-json\/wp\/v2\/comments?post=2020"}],"version-history":[{"count":41,"href":"https:\/\/www.cantorama.ch\/fr\/wp-json\/wp\/v2\/pages\/2020\/revisions"}],"predecessor-version":[{"id":2925,"href":"https:\/\/www.cantorama.ch\/fr\/wp-json\/wp\/v2\/pages\/2020\/revisions\/2925"}],"up":[{"embeddable":true,"href":"https:\/\/www.cantorama.ch\/fr\/wp-json\/wp\/v2\/pages\/48"}],"wp:attachment":[{"href":"https:\/\/www.cantorama.ch\/fr\/wp-json\/wp\/v2\/media?parent=2020"}],"curies":[{"name":"wp","href":"https:\/\/api.w.org\/{rel}","templated":true}]}}